{"id":11,"date":"2021-06-16T11:05:44","date_gmt":"2021-06-16T11:05:44","guid":{"rendered":"https:\/\/sarah-schneider-sprachdienste.de\/?page_id=11"},"modified":"2021-10-18T08:48:08","modified_gmt":"2021-10-18T08:48:08","slug":"costes-de-una-traduccion","status":"publish","type":"page","link":"https:\/\/sarah-schneider-sprachdienste.de\/es\/costes-de-una-traduccion\/","title":{"rendered":"Precios"},"content":{"rendered":"<div class=\"n2_clear\"><ss3-force-full-width data-overflow-x=\"body\" data-horizontal-selector=\"body\"><div class=\"n2-section-smartslider fitvidsignore  n2_clear\" data-ssid=\"11\" tabindex=\"0\" role=\"region\" aria-label=\"Slider\"><div id=\"n2-ss-11-align\" class=\"n2-ss-align\"><div class=\"n2-padding\"><div id=\"n2-ss-11\" data-creator=\"Smart Slider 3\" data-responsive=\"fullwidth\" class=\"n2-ss-slider n2-ow n2-has-hover n2notransition  \">\n        <div class=\"n2-ss-slider-1 n2_ss__touch_element n2-ow\">\n            <div class=\"n2-ss-slider-2 n2-ow\">\n                                                <div class=\"n2-ss-slider-3 n2-ow\">\n\n                    <div class=\"n2-ss-slide-backgrounds n2-ow-all\"><div class=\"n2-ss-slide-background\" data-public-id=\"1\" data-mode=\"fill\"><div class=\"n2-ss-slide-background-image\" data-blur=\"0\" data-opacity=\"100\" data-x=\"50\" data-y=\"50\" data-alt=\"\" data-title=\"\"><picture class=\"skip-lazy\" data-skip-lazy=\"1\"><img decoding=\"async\" src=\"\/\/sarah-schneider-sprachdienste.de\/wp-content\/uploads\/slider11\/preise-foto-scaled.jpg\" alt=\"\" title=\"\" loading=\"lazy\" class=\"skip-lazy\" data-skip-lazy=\"1\"><\/picture><\/div><div data-color=\"RGBA(255,255,255,0)\" style=\"background-color: RGBA(255,255,255,0);\" class=\"n2-ss-slide-background-color\"><\/div><\/div><\/div>                    <div class=\"n2-ss-slider-4 n2-ow\">\n                        <svg xmlns=\"http:\/\/www.w3.org\/2000\/svg\" viewBox=\"0 0 1280 465\" data-related-device=\"desktopPortrait\" class=\"n2-ow n2-ss-preserve-size n2-ss-preserve-size--slider n2-ss-slide-limiter\"><\/svg><div data-first=\"1\" data-slide-duration=\"0\" data-id=\"17\" data-slide-public-id=\"1\" data-title=\"foto slider-FAQ\" class=\"n2-ss-slide n2-ow  n2-ss-slide-17\"><div role=\"note\" class=\"n2-ss-slide--focus\" tabindex=\"-1\">foto slider-FAQ<\/div><div class=\"n2-ss-layers-container n2-ss-slide-limiter n2-ow\"><div class=\"n2-ss-layer n2-ow n-uc-KXz15yeHqUSh\" data-sstype=\"slide\" data-pm=\"default\"><div class=\"n2-ss-layer n2-ow n-uc-bIksUw2umN7s\" data-pm=\"default\" data-sstype=\"content\" data-hasbackground=\"0\"><div class=\"n2-ss-section-main-content n2-ss-layer-with-background n2-ss-layer-content n2-ow n-uc-bIksUw2umN7s-inner\"><div class=\"n2-ss-layer n2-ow n-uc-vxqf2VI1AJrA\" data-pm=\"normal\" data-sstype=\"layer\"><h1 id=\"n2-ss-11item1\" class=\"n2-font-19ec1efbdd4773f3e086efb263d10b41-hover   n2-ss-item-content n2-ss-text n2-ow\" style=\"display:block;\">Precios<\/h1><\/div><\/div><\/div><\/div><\/div><\/div>                    <\/div>\n\n                                    <\/div>\n            <\/div>\n        <\/div>\n        <\/div><ss3-loader><\/ss3-loader><\/div><\/div><div class=\"n2_clear\"><\/div><\/div><\/ss3-force-full-width><\/div>\n\n\n<div style=\"height:46px\" aria-hidden=\"true\" class=\"wp-block-spacer\"><\/div>\n\n\n\n<p class=\"has-text-align-center\" style=\"font-size:50px\"><strong><strong>Precios y solicitud de presupuesto<\/strong><\/strong><\/p>\n\n\n\n<div class=\"wp-block-buttons is-content-justification-center is-layout-flex wp-block-buttons-is-layout-flex\">\n<div class=\"wp-block-button\"><a class=\"wp-block-button__link has-text-color has-background\" href=\"https:\/\/sarah-schneider-sprachdienste.de\/contacto\/\" style=\"background-color:#c6d2b9;color:#566747\">Solicite presupuesto<\/a><\/div>\n<\/div>\n\n\n\n<hr class=\"wp-block-separator has-text-color has-background has-white-background-color has-white-color\"\/>\n\n\n\n<div class=\"wp-block-columns verde-full is-layout-flex wp-container-core-columns-is-layout-9d6595d7 wp-block-columns-is-layout-flex\">\n<div class=\"wp-block-column is-vertically-aligned-center is-layout-flow wp-block-column-is-layout-flow\">\n<div class=\"wp-block-image\"><figure class=\"aligncenter size-large\"><img decoding=\"async\" width=\"1024\" height=\"853\" data-src=\"https:\/\/sarah-schneider-sprachdienste.de\/wp-content\/uploads\/Foto-precio-1-2-1024x853-1.jpg\" alt=\"Costes de una traducci\u00f3n\" class=\"wp-image-180 lazyload\" data-srcset=\"https:\/\/sarah-schneider-sprachdienste.de\/wp-content\/uploads\/Foto-precio-1-2-1024x853-1.jpg 1024w, https:\/\/sarah-schneider-sprachdienste.de\/wp-content\/uploads\/Foto-precio-1-2-1024x853-1-300x250.jpg 300w, https:\/\/sarah-schneider-sprachdienste.de\/wp-content\/uploads\/Foto-precio-1-2-1024x853-1-768x640.jpg 768w, https:\/\/sarah-schneider-sprachdienste.de\/wp-content\/uploads\/Foto-precio-1-2-1024x853-1-600x500.jpg 600w\" data-sizes=\"(max-width: 1024px) 100vw, 1024px\" src=\"data:image\/svg+xml;base64,PHN2ZyB3aWR0aD0iMSIgaGVpZ2h0PSIxIiB4bWxucz0iaHR0cDovL3d3dy53My5vcmcvMjAwMC9zdmciPjwvc3ZnPg==\" style=\"--smush-placeholder-width: 1024px; --smush-placeholder-aspect-ratio: 1024\/853;\" \/><\/figure><\/div>\n\n\n\n<p><\/p>\n<\/div>\n\n\n\n<div class=\"wp-block-column is-layout-flow wp-block-column-is-layout-flow\">\n<h2 class=\"wp-block-heading\">Los costes de una traducci\u00f3n del espa\u00f1ol al alem\u00e1n\u00a0y a la inversa depende de varios factores, por ejemplo:<\/h2>\n\n\n\n<ul class=\"wp-block-list\"><li>Si se trata una traducci\u00f3n simple o jurada;<\/li><li>La cantidad de palabras;<\/li><li>La tipolog\u00eda del texto y el nivel de dificultad;<\/li><li>La dificultad del formato a reproducir;<\/li><li>El formato de salida (por ejemplo, editable como en Word o no editable como en PDF)<\/li><li>N\u00famero de copias aut\u00e9nticas (en el caso de las traducciones juradas);<\/li><li>Plazo de entrega (y recargo por urgencia, fin de semana o festivo, si procede);<\/li><li>Forma de env\u00edo (est\u00e1ndar, urgente, certificado, nacional, internacional, etc., en el caso de las traducciones juradas).<\/li><\/ul>\n<\/div>\n<\/div>\n\n\n\n<div class=\"wp-block-columns verde2-full is-layout-flex wp-container-core-columns-is-layout-9d6595d7 wp-block-columns-is-layout-flex\">\n<div class=\"wp-block-column is-layout-flow wp-block-column-is-layout-flow\">\n<h2 class=\"wp-block-heading\">Traducciones juradas para clientes particulares<\/h2>\n\n\n\n<p><em>Solicite presupuesto para traducciones espa\u00f1ol-alem\u00e1n de certificados, documentos administrativos, de car\u00e1cter personal, etc.&nbsp; &nbsp; &nbsp; &nbsp; &nbsp; &nbsp; &nbsp; &nbsp; &nbsp; &nbsp; &nbsp; &nbsp; &nbsp; &nbsp; &nbsp; &nbsp; &nbsp; &nbsp; &nbsp; &nbsp; &nbsp; &nbsp; &nbsp; &nbsp; &nbsp; &nbsp; &nbsp; &nbsp; &nbsp; &nbsp; &nbsp; &nbsp; &nbsp; &nbsp; &nbsp; &nbsp; &nbsp; <\/em><\/p>\n\n\n\n<p>En cualquier caso&nbsp;<strong>necesitar\u00eda ver sus documentos<\/strong>&nbsp;porque&nbsp;<strong>tendr\u00e9 que revisar su documentaci\u00f3n<\/strong>&nbsp;y analizar el recuento de palabras con programas especializados para poder ofrecerle un presupuesto (sin compromiso alguno).<\/p>\n\n\n\n<p>Para ello,&nbsp;<strong>env\u00edeme su documentaci\u00f3n<\/strong>&nbsp;preferiblemente&nbsp;<strong>escaneada y por correo electr\u00f3nico<\/strong>&nbsp;en formato PDF. Normalmente, no es necesario disponer del original, por lo que no tiene que envi\u00e1rmelo por correo postal. Si no tiene esc\u00e1ner, puede escanear su documentaci\u00f3n en una copister\u00eda o utilizar&nbsp;<strong>una aplicaci\u00f3n para el tel\u00e9fono m\u00f3vil (por ejemplo CamScanner, Office Lens\u2026)<\/strong>. Aseg\u00farese de que se vean todos los sellos y las firmas y de haber escaneado las apostillas y el dorso, si procede.<\/p>\n\n\n\n<p>Indique&nbsp;<strong>cu\u00e1ndo necesita los documentos, cu\u00e1ntas copias<\/strong>&nbsp;necesita y&nbsp;<strong>c\u00f3mo quiere recibir las traducciones<\/strong>.<\/p>\n\n\n\n<p><a href=\"https:\/\/sarah-schneider-sprachdienste.de\/es\/proteccion-de-datos\/\"><strong>Aqu\u00ed<\/strong><\/a>&nbsp;puede consultar la confidencialidad de sus datos.<\/p>\n<\/div>\n\n\n\n<div class=\"wp-block-column is-vertically-aligned-center is-layout-flow wp-block-column-is-layout-flow\">\n<figure class=\"wp-block-image size-large\"><img decoding=\"async\" width=\"1024\" height=\"853\" data-src=\"https:\/\/sarah-schneider-sprachdienste.de\/wp-content\/uploads\/Foto-precio-2-1-1024x853-1.jpg\" alt=\"Costes de una traducci\u00f3n espa\u00f1ol aleman\" class=\"wp-image-182 lazyload\" data-srcset=\"https:\/\/sarah-schneider-sprachdienste.de\/wp-content\/uploads\/Foto-precio-2-1-1024x853-1.jpg 1024w, https:\/\/sarah-schneider-sprachdienste.de\/wp-content\/uploads\/Foto-precio-2-1-1024x853-1-300x250.jpg 300w, https:\/\/sarah-schneider-sprachdienste.de\/wp-content\/uploads\/Foto-precio-2-1-1024x853-1-768x640.jpg 768w, https:\/\/sarah-schneider-sprachdienste.de\/wp-content\/uploads\/Foto-precio-2-1-1024x853-1-600x500.jpg 600w\" data-sizes=\"(max-width: 1024px) 100vw, 1024px\" src=\"data:image\/svg+xml;base64,PHN2ZyB3aWR0aD0iMSIgaGVpZ2h0PSIxIiB4bWxucz0iaHR0cDovL3d3dy53My5vcmcvMjAwMC9zdmciPjwvc3ZnPg==\" style=\"--smush-placeholder-width: 1024px; --smush-placeholder-aspect-ratio: 1024\/853;\" \/><\/figure>\n\n\n\n<div class=\"wp-block-buttons is-content-justification-left is-layout-flex wp-block-buttons-is-layout-flex\">\n<div class=\"wp-block-button has-custom-width wp-block-button__width-75\"><a class=\"wp-block-button__link has-text-color has-background\" href=\"https:\/\/sarah-schneider-sprachdienste.de\/contacto\/\" style=\"border-radius:8px;background-color:#d5e0dc;color:#546747\" rel=\"\/kontakt\">Contactar<\/a><\/div>\n<\/div>\n<\/div>\n<\/div>\n\n\n\n<div class=\"wp-block-columns verde-full is-layout-flex wp-container-core-columns-is-layout-9d6595d7 wp-block-columns-is-layout-flex\">\n<div class=\"wp-block-column is-vertically-aligned-center is-layout-flow wp-block-column-is-layout-flow\">\n<div class=\"wp-block-image\"><figure class=\"aligncenter size-large\"><img decoding=\"async\" width=\"1024\" height=\"853\" data-src=\"https:\/\/sarah-schneider-sprachdienste.de\/wp-content\/uploads\/Foto-precio-3-1-1024x853-1.jpg\" alt=\"Costes de una traducci\u00f3n aleman espa\u00f1ol\" class=\"wp-image-184 lazyload\" data-srcset=\"https:\/\/sarah-schneider-sprachdienste.de\/wp-content\/uploads\/Foto-precio-3-1-1024x853-1.jpg 1024w, https:\/\/sarah-schneider-sprachdienste.de\/wp-content\/uploads\/Foto-precio-3-1-1024x853-1-300x250.jpg 300w, https:\/\/sarah-schneider-sprachdienste.de\/wp-content\/uploads\/Foto-precio-3-1-1024x853-1-768x640.jpg 768w, https:\/\/sarah-schneider-sprachdienste.de\/wp-content\/uploads\/Foto-precio-3-1-1024x853-1-600x500.jpg 600w\" data-sizes=\"(max-width: 1024px) 100vw, 1024px\" src=\"data:image\/svg+xml;base64,PHN2ZyB3aWR0aD0iMSIgaGVpZ2h0PSIxIiB4bWxucz0iaHR0cDovL3d3dy53My5vcmcvMjAwMC9zdmciPjwvc3ZnPg==\" style=\"--smush-placeholder-width: 1024px; --smush-placeholder-aspect-ratio: 1024\/853;\" \/><\/figure><\/div>\n<\/div>\n\n\n\n<div class=\"wp-block-column is-layout-flow wp-block-column-is-layout-flow\">\n<p><\/p>\n\n\n\n<h2 class=\"wp-block-heading\"><u><strong><strong><u>Traducci\u00f3n jurada de documentaci\u00f3n empresarial<\/u><\/strong><\/strong><\/u><\/h2>\n\n\n\n<p><em>Solicite presupuesto para traducciones espa\u00f1ol-alem\u00e1n de la documentaci\u00f3n de su empresa como, por ejemplo, su extracto del Registro Mercantil, sus estatutos, su escritura de constituci\u00f3n y otras traducciones de especialidad jur\u00eddica o textos legales.&nbsp; &nbsp; &nbsp; &nbsp; &nbsp; &nbsp; &nbsp;&nbsp;<\/em><\/p>\n\n\n\n<p>Para poder enviarle un presupuesto, debo&nbsp;<strong>revisar su documentaci\u00f3n<\/strong>&nbsp;y analizar el recuento de palabras con programas especializados.<\/p>\n<\/div>\n<\/div>\n\n\n\n<hr class=\"wp-block-separator has-text-color has-background has-white-background-color has-white-color\"\/>\n\n\n\n<div class=\"wp-block-buttons is-content-justification-center is-layout-flex wp-block-buttons-is-layout-flex\">\n<div class=\"wp-block-button\"><a class=\"wp-block-button__link has-text-color has-background\" href=\"https:\/\/sarah-schneider-sprachdienste.de\/contacto\/\" style=\"background-color:#c6d2b9;color:#566747\">Solicite presupuesto<\/a><\/div>\n<\/div>\n\n\n\n<div style=\"height:123px\" aria-hidden=\"true\" class=\"wp-block-spacer\"><\/div>\n\n\n\n<div class=\"wp-block-image\"><figure class=\"aligncenter size-large\"><img decoding=\"async\" width=\"831\" height=\"1024\" data-src=\"https:\/\/sarah-schneider-sprachdienste.de\/wp-content\/uploads\/infografia-espanol-831x1024.png\" alt=\"\" class=\"wp-image-306 lazyload\" data-srcset=\"https:\/\/sarah-schneider-sprachdienste.de\/wp-content\/uploads\/infografia-espanol-831x1024.png 831w, https:\/\/sarah-schneider-sprachdienste.de\/wp-content\/uploads\/infografia-espanol-243x300.png 243w, https:\/\/sarah-schneider-sprachdienste.de\/wp-content\/uploads\/infografia-espanol-768x947.png 768w, https:\/\/sarah-schneider-sprachdienste.de\/wp-content\/uploads\/infografia-espanol-1246x1536.png 1246w, https:\/\/sarah-schneider-sprachdienste.de\/wp-content\/uploads\/infografia-espanol-1661x2048.png 1661w, https:\/\/sarah-schneider-sprachdienste.de\/wp-content\/uploads\/infografia-espanol-600x740.png 600w\" data-sizes=\"(max-width: 831px) 100vw, 831px\" src=\"data:image\/svg+xml;base64,PHN2ZyB3aWR0aD0iMSIgaGVpZ2h0PSIxIiB4bWxucz0iaHR0cDovL3d3dy53My5vcmcvMjAwMC9zdmciPjwvc3ZnPg==\" style=\"--smush-placeholder-width: 831px; --smush-placeholder-aspect-ratio: 831\/1024;\" \/><\/figure><\/div>\n","protected":false},"excerpt":{"rendered":"<p>Precios y solicitud de presupuesto Los costes de una traducci\u00f3n del espa\u00f1ol al alem\u00e1n\u00a0y a la inversa depende de varios factores, por ejemplo: Si se trata una traducci\u00f3n simple o jurada; La cantidad de palabras; La tipolog\u00eda del texto y el nivel de dificultad; La dificultad del formato a reproducir; El formato de salida (por [&hellip;]<\/p>\n","protected":false},"author":1,"featured_media":0,"parent":0,"menu_order":0,"comment_status":"closed","ping_status":"closed","template":"","meta":{"footnotes":""},"class_list":["post-11","page","type-page","status-publish","hentry"],"yoast_head":"<!-- This site is optimized with the Yoast SEO plugin v27.4 - https:\/\/yoast.com\/product\/yoast-seo-wordpress\/ -->\n<title>Costes de una traducci\u00f3n jurada espa\u00f1ol - alem\u00e1n<\/title>\n<meta name=\"description\" content=\"\u00bfCu\u00e1les son los costes de una traducci\u00f3n jurada? Obtenga un presupuesto para la traducci\u00f3n de sus documentos. Espa\u00f1ol\/Ingles - Alem\u00e1n\" \/>\n<meta name=\"robots\" content=\"index, follow, max-snippet:-1, max-image-preview:large, max-video-preview:-1\" \/>\n<link rel=\"canonical\" href=\"https:\/\/sarah-schneider-sprachdienste.de\/es\/costes-de-una-traduccion\/\" \/>\n<meta property=\"og:locale\" content=\"es_ES\" \/>\n<meta property=\"og:type\" content=\"article\" \/>\n<meta property=\"og:title\" content=\"Costes de una traducci\u00f3n jurada espa\u00f1ol - alem\u00e1n\" \/>\n<meta property=\"og:description\" content=\"\u00bfCu\u00e1les son los costes de una traducci\u00f3n jurada? Obtenga un presupuesto para la traducci\u00f3n de sus documentos. Espa\u00f1ol\/Ingles - Alem\u00e1n\" \/>\n<meta property=\"og:url\" content=\"https:\/\/sarah-schneider-sprachdienste.de\/es\/costes-de-una-traduccion\/\" \/>\n<meta property=\"og:site_name\" content=\"Sarah Schneider Sprachdienste - Servicios Ling\u00fc\u00edsticos\" \/>\n<meta property=\"article:modified_time\" content=\"2021-10-18T08:48:08+00:00\" \/>\n<meta property=\"og:image\" content=\"https:\/\/sarah-schneider-sprachdienste.de\/wp-content\/uploads\/Foto-precio-1-2-1024x853-1.jpg\" \/>\n<meta name=\"twitter:card\" content=\"summary_large_image\" \/>\n<meta name=\"twitter:label1\" content=\"Tiempo de lectura\" \/>\n\t<meta name=\"twitter:data1\" content=\"3 minutos\" \/>\n<script type=\"application\/ld+json\" class=\"yoast-schema-graph\">{\"@context\":\"https:\\\/\\\/schema.org\",\"@graph\":[{\"@type\":\"WebPage\",\"@id\":\"https:\\\/\\\/sarah-schneider-sprachdienste.de\\\/es\\\/costes-de-una-traduccion\\\/\",\"url\":\"https:\\\/\\\/sarah-schneider-sprachdienste.de\\\/es\\\/costes-de-una-traduccion\\\/\",\"name\":\"Costes de una traducci\u00f3n jurada espa\u00f1ol - alem\u00e1n\",\"isPartOf\":{\"@id\":\"https:\\\/\\\/sarah-schneider-sprachdienste.de\\\/es\\\/#website\"},\"primaryImageOfPage\":{\"@id\":\"https:\\\/\\\/sarah-schneider-sprachdienste.de\\\/es\\\/costes-de-una-traduccion\\\/#primaryimage\"},\"image\":{\"@id\":\"https:\\\/\\\/sarah-schneider-sprachdienste.de\\\/es\\\/costes-de-una-traduccion\\\/#primaryimage\"},\"thumbnailUrl\":\"https:\\\/\\\/sarah-schneider-sprachdienste.de\\\/wp-content\\\/uploads\\\/Foto-precio-1-2-1024x853-1.jpg\",\"datePublished\":\"2021-06-16T11:05:44+00:00\",\"dateModified\":\"2021-10-18T08:48:08+00:00\",\"description\":\"\u00bfCu\u00e1les son los costes de una traducci\u00f3n jurada? Obtenga un presupuesto para la traducci\u00f3n de sus documentos. Espa\u00f1ol\\\/Ingles - Alem\u00e1n\",\"breadcrumb\":{\"@id\":\"https:\\\/\\\/sarah-schneider-sprachdienste.de\\\/es\\\/costes-de-una-traduccion\\\/#breadcrumb\"},\"inLanguage\":\"es\",\"potentialAction\":[{\"@type\":\"ReadAction\",\"target\":[\"https:\\\/\\\/sarah-schneider-sprachdienste.de\\\/es\\\/costes-de-una-traduccion\\\/\"]}]},{\"@type\":\"ImageObject\",\"inLanguage\":\"es\",\"@id\":\"https:\\\/\\\/sarah-schneider-sprachdienste.de\\\/es\\\/costes-de-una-traduccion\\\/#primaryimage\",\"url\":\"https:\\\/\\\/sarah-schneider-sprachdienste.de\\\/wp-content\\\/uploads\\\/Foto-precio-1-2-1024x853-1.jpg\",\"contentUrl\":\"https:\\\/\\\/sarah-schneider-sprachdienste.de\\\/wp-content\\\/uploads\\\/Foto-precio-1-2-1024x853-1.jpg\"},{\"@type\":\"BreadcrumbList\",\"@id\":\"https:\\\/\\\/sarah-schneider-sprachdienste.de\\\/es\\\/costes-de-una-traduccion\\\/#breadcrumb\",\"itemListElement\":[{\"@type\":\"ListItem\",\"position\":1,\"name\":\"Portada\",\"item\":\"https:\\\/\\\/sarah-schneider-sprachdienste.de\\\/es\\\/\"},{\"@type\":\"ListItem\",\"position\":2,\"name\":\"Precios\"}]},{\"@type\":\"WebSite\",\"@id\":\"https:\\\/\\\/sarah-schneider-sprachdienste.de\\\/es\\\/#website\",\"url\":\"https:\\\/\\\/sarah-schneider-sprachdienste.de\\\/es\\\/\",\"name\":\"Sarah Schneider Sprachdienste - Servicios Ling\u00fc\u00edsticos\",\"description\":\"\",\"publisher\":{\"@id\":\"https:\\\/\\\/sarah-schneider-sprachdienste.de\\\/es\\\/#organization\"},\"potentialAction\":[{\"@type\":\"SearchAction\",\"target\":{\"@type\":\"EntryPoint\",\"urlTemplate\":\"https:\\\/\\\/sarah-schneider-sprachdienste.de\\\/es\\\/?s={search_term_string}\"},\"query-input\":{\"@type\":\"PropertyValueSpecification\",\"valueRequired\":true,\"valueName\":\"search_term_string\"}}],\"inLanguage\":\"es\"},{\"@type\":\"Organization\",\"@id\":\"https:\\\/\\\/sarah-schneider-sprachdienste.de\\\/es\\\/#organization\",\"name\":\"Sarah Schneider Sprachdienste\",\"alternateName\":\"sprachdienste\",\"url\":\"https:\\\/\\\/sarah-schneider-sprachdienste.de\\\/es\\\/\",\"logo\":{\"@type\":\"ImageObject\",\"inLanguage\":\"es\",\"@id\":\"https:\\\/\\\/sarah-schneider-sprachdienste.de\\\/es\\\/#\\\/schema\\\/logo\\\/image\\\/\",\"url\":\"https:\\\/\\\/sarah-schneider-sprachdienste.de\\\/wp-content\\\/uploads\\\/logo-alem_C3_A1-optimizado.png\",\"contentUrl\":\"https:\\\/\\\/sarah-schneider-sprachdienste.de\\\/wp-content\\\/uploads\\\/logo-alem_C3_A1-optimizado.png\",\"width\":636,\"height\":244,\"caption\":\"Sarah Schneider Sprachdienste\"},\"image\":{\"@id\":\"https:\\\/\\\/sarah-schneider-sprachdienste.de\\\/es\\\/#\\\/schema\\\/logo\\\/image\\\/\"}}]}<\/script>\n<!-- \/ Yoast SEO plugin. -->","yoast_head_json":{"title":"Costes de una traducci\u00f3n jurada espa\u00f1ol - alem\u00e1n","description":"\u00bfCu\u00e1les son los costes de una traducci\u00f3n jurada? Obtenga un presupuesto para la traducci\u00f3n de sus documentos. Espa\u00f1ol\/Ingles - Alem\u00e1n","robots":{"index":"index","follow":"follow","max-snippet":"max-snippet:-1","max-image-preview":"max-image-preview:large","max-video-preview":"max-video-preview:-1"},"canonical":"https:\/\/sarah-schneider-sprachdienste.de\/es\/costes-de-una-traduccion\/","og_locale":"es_ES","og_type":"article","og_title":"Costes de una traducci\u00f3n jurada espa\u00f1ol - alem\u00e1n","og_description":"\u00bfCu\u00e1les son los costes de una traducci\u00f3n jurada? Obtenga un presupuesto para la traducci\u00f3n de sus documentos. Espa\u00f1ol\/Ingles - Alem\u00e1n","og_url":"https:\/\/sarah-schneider-sprachdienste.de\/es\/costes-de-una-traduccion\/","og_site_name":"Sarah Schneider Sprachdienste - Servicios Ling\u00fc\u00edsticos","article_modified_time":"2021-10-18T08:48:08+00:00","og_image":[{"url":"https:\/\/sarah-schneider-sprachdienste.de\/wp-content\/uploads\/Foto-precio-1-2-1024x853-1.jpg","type":"","width":"","height":""}],"twitter_card":"summary_large_image","twitter_misc":{"Tiempo de lectura":"3 minutos"},"schema":{"@context":"https:\/\/schema.org","@graph":[{"@type":"WebPage","@id":"https:\/\/sarah-schneider-sprachdienste.de\/es\/costes-de-una-traduccion\/","url":"https:\/\/sarah-schneider-sprachdienste.de\/es\/costes-de-una-traduccion\/","name":"Costes de una traducci\u00f3n jurada espa\u00f1ol - alem\u00e1n","isPartOf":{"@id":"https:\/\/sarah-schneider-sprachdienste.de\/es\/#website"},"primaryImageOfPage":{"@id":"https:\/\/sarah-schneider-sprachdienste.de\/es\/costes-de-una-traduccion\/#primaryimage"},"image":{"@id":"https:\/\/sarah-schneider-sprachdienste.de\/es\/costes-de-una-traduccion\/#primaryimage"},"thumbnailUrl":"https:\/\/sarah-schneider-sprachdienste.de\/wp-content\/uploads\/Foto-precio-1-2-1024x853-1.jpg","datePublished":"2021-06-16T11:05:44+00:00","dateModified":"2021-10-18T08:48:08+00:00","description":"\u00bfCu\u00e1les son los costes de una traducci\u00f3n jurada? Obtenga un presupuesto para la traducci\u00f3n de sus documentos. Espa\u00f1ol\/Ingles - Alem\u00e1n","breadcrumb":{"@id":"https:\/\/sarah-schneider-sprachdienste.de\/es\/costes-de-una-traduccion\/#breadcrumb"},"inLanguage":"es","potentialAction":[{"@type":"ReadAction","target":["https:\/\/sarah-schneider-sprachdienste.de\/es\/costes-de-una-traduccion\/"]}]},{"@type":"ImageObject","inLanguage":"es","@id":"https:\/\/sarah-schneider-sprachdienste.de\/es\/costes-de-una-traduccion\/#primaryimage","url":"https:\/\/sarah-schneider-sprachdienste.de\/wp-content\/uploads\/Foto-precio-1-2-1024x853-1.jpg","contentUrl":"https:\/\/sarah-schneider-sprachdienste.de\/wp-content\/uploads\/Foto-precio-1-2-1024x853-1.jpg"},{"@type":"BreadcrumbList","@id":"https:\/\/sarah-schneider-sprachdienste.de\/es\/costes-de-una-traduccion\/#breadcrumb","itemListElement":[{"@type":"ListItem","position":1,"name":"Portada","item":"https:\/\/sarah-schneider-sprachdienste.de\/es\/"},{"@type":"ListItem","position":2,"name":"Precios"}]},{"@type":"WebSite","@id":"https:\/\/sarah-schneider-sprachdienste.de\/es\/#website","url":"https:\/\/sarah-schneider-sprachdienste.de\/es\/","name":"Sarah Schneider Sprachdienste - Servicios Ling\u00fc\u00edsticos","description":"","publisher":{"@id":"https:\/\/sarah-schneider-sprachdienste.de\/es\/#organization"},"potentialAction":[{"@type":"SearchAction","target":{"@type":"EntryPoint","urlTemplate":"https:\/\/sarah-schneider-sprachdienste.de\/es\/?s={search_term_string}"},"query-input":{"@type":"PropertyValueSpecification","valueRequired":true,"valueName":"search_term_string"}}],"inLanguage":"es"},{"@type":"Organization","@id":"https:\/\/sarah-schneider-sprachdienste.de\/es\/#organization","name":"Sarah Schneider Sprachdienste","alternateName":"sprachdienste","url":"https:\/\/sarah-schneider-sprachdienste.de\/es\/","logo":{"@type":"ImageObject","inLanguage":"es","@id":"https:\/\/sarah-schneider-sprachdienste.de\/es\/#\/schema\/logo\/image\/","url":"https:\/\/sarah-schneider-sprachdienste.de\/wp-content\/uploads\/logo-alem_C3_A1-optimizado.png","contentUrl":"https:\/\/sarah-schneider-sprachdienste.de\/wp-content\/uploads\/logo-alem_C3_A1-optimizado.png","width":636,"height":244,"caption":"Sarah Schneider Sprachdienste"},"image":{"@id":"https:\/\/sarah-schneider-sprachdienste.de\/es\/#\/schema\/logo\/image\/"}}]}},"_links":{"self":[{"href":"https:\/\/sarah-schneider-sprachdienste.de\/es\/wp-json\/wp\/v2\/pages\/11","targetHints":{"allow":["GET"]}}],"collection":[{"href":"https:\/\/sarah-schneider-sprachdienste.de\/es\/wp-json\/wp\/v2\/pages"}],"about":[{"href":"https:\/\/sarah-schneider-sprachdienste.de\/es\/wp-json\/wp\/v2\/types\/page"}],"author":[{"embeddable":true,"href":"https:\/\/sarah-schneider-sprachdienste.de\/es\/wp-json\/wp\/v2\/users\/1"}],"replies":[{"embeddable":true,"href":"https:\/\/sarah-schneider-sprachdienste.de\/es\/wp-json\/wp\/v2\/comments?post=11"}],"version-history":[{"count":7,"href":"https:\/\/sarah-schneider-sprachdienste.de\/es\/wp-json\/wp\/v2\/pages\/11\/revisions"}],"predecessor-version":[{"id":515,"href":"https:\/\/sarah-schneider-sprachdienste.de\/es\/wp-json\/wp\/v2\/pages\/11\/revisions\/515"}],"wp:attachment":[{"href":"https:\/\/sarah-schneider-sprachdienste.de\/es\/wp-json\/wp\/v2\/media?parent=11"}],"curies":[{"name":"wp","href":"https:\/\/api.w.org\/{rel}","templated":true}]}}