{"id":15,"date":"2021-06-16T11:07:19","date_gmt":"2021-06-16T11:07:19","guid":{"rendered":"https:\/\/sarah-schneider-sprachdienste.de\/?page_id=15"},"modified":"2024-05-28T11:26:45","modified_gmt":"2024-05-28T11:26:45","slug":"testimonios","status":"publish","type":"page","link":"https:\/\/sarah-schneider-sprachdienste.de\/es\/testimonios\/","title":{"rendered":"Testimonios"},"content":{"rendered":"<div class=\"n2_clear\"><ss3-force-full-width data-overflow-x=\"body\" data-horizontal-selector=\"body\"><div class=\"n2-section-smartslider fitvidsignore  n2_clear\" data-ssid=\"6\" tabindex=\"0\" role=\"region\" aria-label=\"Slider\"><div id=\"n2-ss-6-align\" class=\"n2-ss-align\"><div class=\"n2-padding\"><div id=\"n2-ss-6\" data-creator=\"Smart Slider 3\" data-responsive=\"fullwidth\" class=\"n2-ss-slider n2-ow n2-has-hover n2notransition  \">\n        <div class=\"n2-ss-slider-1 n2_ss__touch_element n2-ow\">\n            <div class=\"n2-ss-slider-2 n2-ow\">\n                                                <div class=\"n2-ss-slider-3 n2-ow\">\n\n                    <div class=\"n2-ss-slide-backgrounds n2-ow-all\"><div class=\"n2-ss-slide-background\" data-public-id=\"1\" data-mode=\"fill\"><div class=\"n2-ss-slide-background-image\" data-blur=\"0\" data-opacity=\"100\" data-x=\"50\" data-y=\"50\" data-alt=\"\" data-title=\"\"><picture class=\"skip-lazy\" data-skip-lazy=\"1\"><img decoding=\"async\" src=\"\/\/sarah-schneider-sprachdienste.de\/wp-content\/uploads\/slider6\/caritas-alegres-1.jpg\" alt=\"\" title=\"\" loading=\"lazy\" class=\"skip-lazy\" data-skip-lazy=\"1\"><\/picture><\/div><div data-color=\"RGBA(255,255,255,0)\" style=\"background-color: RGBA(255,255,255,0);\" class=\"n2-ss-slide-background-color\"><\/div><\/div><\/div>                    <div class=\"n2-ss-slider-4 n2-ow\">\n                        <svg xmlns=\"http:\/\/www.w3.org\/2000\/svg\" viewBox=\"0 0 1280 300\" data-related-device=\"desktopPortrait\" class=\"n2-ow n2-ss-preserve-size n2-ss-preserve-size--slider n2-ss-slide-limiter\"><\/svg><div data-first=\"1\" data-slide-duration=\"0\" data-id=\"7\" data-slide-public-id=\"1\" data-title=\"KUNDENREFERENZEN\" class=\"n2-ss-slide n2-ow  n2-ss-slide-7\"><div role=\"note\" class=\"n2-ss-slide--focus\" tabindex=\"-1\">KUNDENREFERENZEN<\/div><div class=\"n2-ss-layers-container n2-ss-slide-limiter n2-ow\"><div class=\"n2-ss-layer n2-ow n-uc-GpfTn744aVnX\" data-sstype=\"slide\" data-pm=\"default\"><\/div><\/div><\/div>                    <\/div>\n\n                                    <\/div>\n            <\/div>\n        <\/div>\n        <\/div><ss3-loader><\/ss3-loader><\/div><\/div><div class=\"n2_clear\"><\/div><\/div><\/ss3-force-full-width><\/div>\n\n\n<p><\/p>\n\n\n\n<h2 class=\"wp-block-heading has-text-align-center\">TESTIMONIOS<\/h2>\n\n\n\n<p>Si necesita una traducci\u00f3n oficial y aun no se decide, lea lo que piensan mis clientes sobre mis servicios de traducci\u00f3n jurada y solicite un presupuesto sin compromiso.<\/p>\n\n\n\n<hr class=\"wp-block-separator has-css-opacity is-style-wide\"\/>\n\n\n\n<div class=\"wp-block-columns is-layout-flex wp-container-core-columns-is-layout-9d6595d7 wp-block-columns-is-layout-flex\">\n<div class=\"wp-block-column is-layout-flow wp-block-column-is-layout-flow\">\n<figure class=\"wp-block-pullquote testimonials has-background\" style=\"border-style:none;border-width:0px;border-radius:0px;background-color:#c4d1b836\"><blockquote><p>F\u00fcr juristische \u00dcbersetzungen ins Deutsche ist Frau Schneider meine verl\u00e4sslichste Ansprechpartnerin.<br>Als spanische Rechtsanw\u00e4ltin und auch wie sie vereidigte \u00dcbersetzerin f\u00fcr Spanisch wei\u00df ich genau, was f\u00fcr eine gute und pr\u00e4zise \u00dcbersetzung erforderlich ist, n\u00e4mlich zum einen fundierte Kenntnisse beider (!) Rechtsordnungen und zum anderen ein ausgepr\u00e4gtes sprachliches Feingef\u00fchl.\u00a0<br>Beides hat Frau Schneider ohne Zweifel, und zwar auch die F\u00e4higkeit, sich f\u00fcr ihre Arbeit zu begeistern und stets die h\u00f6chste Qualit\u00e4t anzustreben.<\/p><\/blockquote><\/figure>\n\n\n\n<p class=\"has-text-align-left\"><strong>Elena Sotres Zapatero<\/strong><br><em>Abogada (Rechtsanw\u00e4ltin, Spanien)<\/em><br><em>Erm\u00e4chtigte \u00dcbersetzerin f\u00fcr die spanische Sprache<\/em><br><em>Traductora Jurada (MAEC)<\/em><\/p>\n\n\n\n<div style=\"height:50px\" aria-hidden=\"true\" class=\"wp-block-spacer\"><\/div>\n\n\n\n<figure class=\"wp-block-pullquote testimonials has-background\" style=\"border-style:none;border-width:0px;border-radius:0px;background-color:#c4d1b836\"><blockquote><p>Die \u00dcbersetzungen wurden sehr schnell und zu unserer vollen Zufriedenheit ausgef\u00fchrt. Sehr gute und angenehme Kommunikation.<\/p><\/blockquote><\/figure>\n\n\n\n<p class=\"has-text-align-left\"><strong>MERO-TSK International<\/strong><br><a href=\"http:\/\/www.mero.de\" target=\"_blank\" rel=\"noreferrer noopener nofollow\">www.mero.de<\/a><\/p>\n\n\n\n<div style=\"height:50px\" aria-hidden=\"true\" class=\"wp-block-spacer\"><\/div>\n\n\n\n<figure class=\"wp-block-pullquote testimonials has-background\" style=\"border-style:none;border-width:0px;border-radius:0px;background-color:#c4d1b836\"><blockquote><p>Frau Schneider fertigt seit mehreren Jahren regelm\u00e4\u00dfig beglaubigte \u00dcbersetzungen aus dem Spanischen ins Deutsche der Schadensverl\u00e4ufe von KFZ-Versicherungen meiner spanischsprachigen Kunden an. Sowohl ich als auch meine Kunden sind mit der Qualit\u00e4t, dem Preis und der Abwicklung stets voll und ganz zufrieden und k\u00f6nnen die Dienstleistungen von Frau Schneider umfassend empfehlen.<\/p><\/blockquote><\/figure>\n\n\n\n<p class=\"has-text-align-left\"><strong>Boris Velasco Moreno<br><\/strong><em>unabh\u00e4ngiger Finanzberater<br>Consilium AG<\/em><br><a href=\"http:\/\/www.consilium-velasco.de\" target=\"_blank\" rel=\"noreferrer noopener nofollow\">www.consilium-velasco.de<\/a><\/p>\n<\/div>\n\n\n\n<div class=\"wp-block-column is-layout-flow wp-block-column-is-layout-flow\">\n<figure class=\"wp-block-pullquote testimonials has-background\" style=\"border-style:none;border-width:0px;border-radius:0px;background-color:#c4d1b836\"><blockquote><p>Frau Schneider kann ich f\u00fcr komplexe wirtschaftsrechtliche \u00dcbersetzungen aus dem Spanischen jederzeit empfehlen. Sie ist sehr angenehm im fachlichen Austausch und arbeitet auch unter Druck stets p\u00fcnktlich!<\/p><\/blockquote><\/figure>\n\n\n\n<p class=\"has-text-align-right\"><a href=\"https:\/\/www.linkedin.com\/in\/johannes-pitsch-b259837\" target=\"_blank\" rel=\"noreferrer noopener nofollow\"><strong>Johannes Pitsch<\/strong><br><\/a><em>Rechtsanwalt<br>Spanish Desk<br>RWP Rechtsanw\u00e4lte D\u00fcsseldorf<\/em><\/p>\n\n\n\n<div style=\"height:50px\" aria-hidden=\"true\" class=\"wp-block-spacer\"><\/div>\n\n\n\n<figure class=\"wp-block-pullquote testimonials has-background\" style=\"border-style:none;border-width:0px;border-radius:0px;background-color:#c4d1b836\"><blockquote><p>\u201eLiebe Frau Schneider, erneut danken wir Ihnen f\u00fcr eine sehr zeitnahe, wie immer qualitativ hochwertige und ebenfalls insbesondere preislich ausgewogene Dienstleistung, mit einer stetigen Empfehlung unsererseits gegen\u00fcber Dritten, nach einigen Jahren der regelm\u00e4\u00dfigen Zusammenarbeit.\u00bb<\/p><\/blockquote><\/figure>\n\n\n\n<p class=\"has-text-align-right\"><strong>Kanzlei Erbenkontor \u2013 Osnabr\u00fcck<\/strong><\/p>\n\n\n\n<div style=\"height:50px\" aria-hidden=\"true\" class=\"wp-block-spacer\"><\/div>\n<\/div>\n<\/div>\n","protected":false},"excerpt":{"rendered":"<p>TESTIMONIOS Si necesita una traducci\u00f3n oficial y aun no se decide, lea lo que piensan mis clientes sobre mis servicios de traducci\u00f3n jurada y solicite un presupuesto sin compromiso. F\u00fcr juristische \u00dcbersetzungen ins Deutsche ist Frau Schneider meine verl\u00e4sslichste Ansprechpartnerin.Als spanische Rechtsanw\u00e4ltin und auch wie sie vereidigte \u00dcbersetzerin f\u00fcr Spanisch wei\u00df ich genau, was f\u00fcr [&hellip;]<\/p>\n","protected":false},"author":1,"featured_media":0,"parent":0,"menu_order":0,"comment_status":"closed","ping_status":"closed","template":"","meta":{"footnotes":""},"class_list":["post-15","page","type-page","status-publish","hentry"],"yoast_head":"<!-- This site is optimized with the Yoast SEO plugin v27.4 - https:\/\/yoast.com\/product\/yoast-seo-wordpress\/ -->\n<title>Testimonios y opiniones sobre traducciones - Testimonios<\/title>\n<meta name=\"description\" content=\"Si necesita una traducci\u00f3n oficial y aun no se decide, lea lo que piensan mis clientes sobre mis servicios de traducci\u00f3n jurada y solicite un presupuesto sin compromiso.\" \/>\n<meta name=\"robots\" content=\"index, follow, max-snippet:-1, max-image-preview:large, max-video-preview:-1\" \/>\n<link rel=\"canonical\" href=\"https:\/\/sarah-schneider-sprachdienste.de\/es\/testimonios\/\" \/>\n<meta property=\"og:locale\" content=\"es_ES\" \/>\n<meta property=\"og:type\" content=\"article\" \/>\n<meta property=\"og:title\" content=\"Testimonios y opiniones sobre traducciones - Testimonios\" \/>\n<meta property=\"og:description\" content=\"Si necesita una traducci\u00f3n oficial y aun no se decide, lea lo que piensan mis clientes sobre mis servicios de traducci\u00f3n jurada y solicite un presupuesto sin compromiso.\" \/>\n<meta property=\"og:url\" content=\"https:\/\/sarah-schneider-sprachdienste.de\/es\/testimonios\/\" \/>\n<meta property=\"og:site_name\" content=\"Sarah Schneider Sprachdienste - Servicios Ling\u00fc\u00edsticos\" \/>\n<meta property=\"article:modified_time\" content=\"2024-05-28T11:26:45+00:00\" \/>\n<meta name=\"twitter:card\" content=\"summary_large_image\" \/>\n<meta name=\"twitter:label1\" content=\"Tiempo de lectura\" \/>\n\t<meta name=\"twitter:data1\" content=\"1 minuto\" \/>\n<script type=\"application\/ld+json\" class=\"yoast-schema-graph\">{\"@context\":\"https:\\\/\\\/schema.org\",\"@graph\":[{\"@type\":\"WebPage\",\"@id\":\"https:\\\/\\\/sarah-schneider-sprachdienste.de\\\/es\\\/testimonios\\\/\",\"url\":\"https:\\\/\\\/sarah-schneider-sprachdienste.de\\\/es\\\/testimonios\\\/\",\"name\":\"Testimonios y opiniones sobre traducciones - Testimonios\",\"isPartOf\":{\"@id\":\"https:\\\/\\\/sarah-schneider-sprachdienste.de\\\/es\\\/#website\"},\"datePublished\":\"2021-06-16T11:07:19+00:00\",\"dateModified\":\"2024-05-28T11:26:45+00:00\",\"description\":\"Si necesita una traducci\u00f3n oficial y aun no se decide, lea lo que piensan mis clientes sobre mis servicios de traducci\u00f3n jurada y solicite un presupuesto sin compromiso.\",\"breadcrumb\":{\"@id\":\"https:\\\/\\\/sarah-schneider-sprachdienste.de\\\/es\\\/testimonios\\\/#breadcrumb\"},\"inLanguage\":\"es\",\"potentialAction\":[{\"@type\":\"ReadAction\",\"target\":[\"https:\\\/\\\/sarah-schneider-sprachdienste.de\\\/es\\\/testimonios\\\/\"]}]},{\"@type\":\"BreadcrumbList\",\"@id\":\"https:\\\/\\\/sarah-schneider-sprachdienste.de\\\/es\\\/testimonios\\\/#breadcrumb\",\"itemListElement\":[{\"@type\":\"ListItem\",\"position\":1,\"name\":\"Portada\",\"item\":\"https:\\\/\\\/sarah-schneider-sprachdienste.de\\\/es\\\/\"},{\"@type\":\"ListItem\",\"position\":2,\"name\":\"Testimonios\"}]},{\"@type\":\"WebSite\",\"@id\":\"https:\\\/\\\/sarah-schneider-sprachdienste.de\\\/es\\\/#website\",\"url\":\"https:\\\/\\\/sarah-schneider-sprachdienste.de\\\/es\\\/\",\"name\":\"Sarah Schneider Sprachdienste - Servicios Ling\u00fc\u00edsticos\",\"description\":\"\",\"publisher\":{\"@id\":\"https:\\\/\\\/sarah-schneider-sprachdienste.de\\\/es\\\/#organization\"},\"potentialAction\":[{\"@type\":\"SearchAction\",\"target\":{\"@type\":\"EntryPoint\",\"urlTemplate\":\"https:\\\/\\\/sarah-schneider-sprachdienste.de\\\/es\\\/?s={search_term_string}\"},\"query-input\":{\"@type\":\"PropertyValueSpecification\",\"valueRequired\":true,\"valueName\":\"search_term_string\"}}],\"inLanguage\":\"es\"},{\"@type\":\"Organization\",\"@id\":\"https:\\\/\\\/sarah-schneider-sprachdienste.de\\\/es\\\/#organization\",\"name\":\"Sarah Schneider Sprachdienste\",\"alternateName\":\"sprachdienste\",\"url\":\"https:\\\/\\\/sarah-schneider-sprachdienste.de\\\/es\\\/\",\"logo\":{\"@type\":\"ImageObject\",\"inLanguage\":\"es\",\"@id\":\"https:\\\/\\\/sarah-schneider-sprachdienste.de\\\/es\\\/#\\\/schema\\\/logo\\\/image\\\/\",\"url\":\"https:\\\/\\\/sarah-schneider-sprachdienste.de\\\/wp-content\\\/uploads\\\/logo-alem_C3_A1-optimizado.png\",\"contentUrl\":\"https:\\\/\\\/sarah-schneider-sprachdienste.de\\\/wp-content\\\/uploads\\\/logo-alem_C3_A1-optimizado.png\",\"width\":636,\"height\":244,\"caption\":\"Sarah Schneider Sprachdienste\"},\"image\":{\"@id\":\"https:\\\/\\\/sarah-schneider-sprachdienste.de\\\/es\\\/#\\\/schema\\\/logo\\\/image\\\/\"}}]}<\/script>\n<!-- \/ Yoast SEO plugin. -->","yoast_head_json":{"title":"Testimonios y opiniones sobre traducciones - Testimonios","description":"Si necesita una traducci\u00f3n oficial y aun no se decide, lea lo que piensan mis clientes sobre mis servicios de traducci\u00f3n jurada y solicite un presupuesto sin compromiso.","robots":{"index":"index","follow":"follow","max-snippet":"max-snippet:-1","max-image-preview":"max-image-preview:large","max-video-preview":"max-video-preview:-1"},"canonical":"https:\/\/sarah-schneider-sprachdienste.de\/es\/testimonios\/","og_locale":"es_ES","og_type":"article","og_title":"Testimonios y opiniones sobre traducciones - Testimonios","og_description":"Si necesita una traducci\u00f3n oficial y aun no se decide, lea lo que piensan mis clientes sobre mis servicios de traducci\u00f3n jurada y solicite un presupuesto sin compromiso.","og_url":"https:\/\/sarah-schneider-sprachdienste.de\/es\/testimonios\/","og_site_name":"Sarah Schneider Sprachdienste - Servicios Ling\u00fc\u00edsticos","article_modified_time":"2024-05-28T11:26:45+00:00","twitter_card":"summary_large_image","twitter_misc":{"Tiempo de lectura":"1 minuto"},"schema":{"@context":"https:\/\/schema.org","@graph":[{"@type":"WebPage","@id":"https:\/\/sarah-schneider-sprachdienste.de\/es\/testimonios\/","url":"https:\/\/sarah-schneider-sprachdienste.de\/es\/testimonios\/","name":"Testimonios y opiniones sobre traducciones - Testimonios","isPartOf":{"@id":"https:\/\/sarah-schneider-sprachdienste.de\/es\/#website"},"datePublished":"2021-06-16T11:07:19+00:00","dateModified":"2024-05-28T11:26:45+00:00","description":"Si necesita una traducci\u00f3n oficial y aun no se decide, lea lo que piensan mis clientes sobre mis servicios de traducci\u00f3n jurada y solicite un presupuesto sin compromiso.","breadcrumb":{"@id":"https:\/\/sarah-schneider-sprachdienste.de\/es\/testimonios\/#breadcrumb"},"inLanguage":"es","potentialAction":[{"@type":"ReadAction","target":["https:\/\/sarah-schneider-sprachdienste.de\/es\/testimonios\/"]}]},{"@type":"BreadcrumbList","@id":"https:\/\/sarah-schneider-sprachdienste.de\/es\/testimonios\/#breadcrumb","itemListElement":[{"@type":"ListItem","position":1,"name":"Portada","item":"https:\/\/sarah-schneider-sprachdienste.de\/es\/"},{"@type":"ListItem","position":2,"name":"Testimonios"}]},{"@type":"WebSite","@id":"https:\/\/sarah-schneider-sprachdienste.de\/es\/#website","url":"https:\/\/sarah-schneider-sprachdienste.de\/es\/","name":"Sarah Schneider Sprachdienste - Servicios Ling\u00fc\u00edsticos","description":"","publisher":{"@id":"https:\/\/sarah-schneider-sprachdienste.de\/es\/#organization"},"potentialAction":[{"@type":"SearchAction","target":{"@type":"EntryPoint","urlTemplate":"https:\/\/sarah-schneider-sprachdienste.de\/es\/?s={search_term_string}"},"query-input":{"@type":"PropertyValueSpecification","valueRequired":true,"valueName":"search_term_string"}}],"inLanguage":"es"},{"@type":"Organization","@id":"https:\/\/sarah-schneider-sprachdienste.de\/es\/#organization","name":"Sarah Schneider Sprachdienste","alternateName":"sprachdienste","url":"https:\/\/sarah-schneider-sprachdienste.de\/es\/","logo":{"@type":"ImageObject","inLanguage":"es","@id":"https:\/\/sarah-schneider-sprachdienste.de\/es\/#\/schema\/logo\/image\/","url":"https:\/\/sarah-schneider-sprachdienste.de\/wp-content\/uploads\/logo-alem_C3_A1-optimizado.png","contentUrl":"https:\/\/sarah-schneider-sprachdienste.de\/wp-content\/uploads\/logo-alem_C3_A1-optimizado.png","width":636,"height":244,"caption":"Sarah Schneider Sprachdienste"},"image":{"@id":"https:\/\/sarah-schneider-sprachdienste.de\/es\/#\/schema\/logo\/image\/"}}]}},"_links":{"self":[{"href":"https:\/\/sarah-schneider-sprachdienste.de\/es\/wp-json\/wp\/v2\/pages\/15","targetHints":{"allow":["GET"]}}],"collection":[{"href":"https:\/\/sarah-schneider-sprachdienste.de\/es\/wp-json\/wp\/v2\/pages"}],"about":[{"href":"https:\/\/sarah-schneider-sprachdienste.de\/es\/wp-json\/wp\/v2\/types\/page"}],"author":[{"embeddable":true,"href":"https:\/\/sarah-schneider-sprachdienste.de\/es\/wp-json\/wp\/v2\/users\/1"}],"replies":[{"embeddable":true,"href":"https:\/\/sarah-schneider-sprachdienste.de\/es\/wp-json\/wp\/v2\/comments?post=15"}],"version-history":[{"count":10,"href":"https:\/\/sarah-schneider-sprachdienste.de\/es\/wp-json\/wp\/v2\/pages\/15\/revisions"}],"predecessor-version":[{"id":26974,"href":"https:\/\/sarah-schneider-sprachdienste.de\/es\/wp-json\/wp\/v2\/pages\/15\/revisions\/26974"}],"wp:attachment":[{"href":"https:\/\/sarah-schneider-sprachdienste.de\/es\/wp-json\/wp\/v2\/media?parent=15"}],"curies":[{"name":"wp","href":"https:\/\/api.w.org\/{rel}","templated":true}]}}