{"id":22,"date":"2021-06-16T11:08:40","date_gmt":"2021-06-16T11:08:40","guid":{"rendered":"https:\/\/sarah-schneider-sprachdienste.de\/?page_id=22"},"modified":"2021-06-16T11:08:41","modified_gmt":"2021-06-16T11:08:41","slug":"aviso-legal","status":"publish","type":"page","link":"https:\/\/sarah-schneider-sprachdienste.de\/es\/aviso-legal\/","title":{"rendered":"Aviso Legal"},"content":{"rendered":"\n<p><strong>Aviso legal <\/strong><\/p>\n\n\n\n<p><strong>Datos de conformidad con el art. 5 de la TMG (Ley alemana de servicios de telecomunicaci\u00f3n)<\/strong><\/p>\n\n\n\n<p>Sarah Schneider<\/p>\n\n\n\n<p>Schwartzkopffstr. 9<\/p>\n\n\n\n<p>10115 Berl\u00edn<\/p>\n\n\n\n<p><strong>Contacto<\/strong><\/p>\n\n\n\n<p>Tel\u00e9fono:&nbsp;&nbsp;&nbsp;&nbsp;&nbsp;&nbsp;&nbsp; +49 (0) 30 28 43 33 45<\/p>\n\n\n\n<p>M\u00f3vil:&nbsp;&nbsp;&nbsp;&nbsp;&nbsp;&nbsp;&nbsp;&nbsp;&nbsp;&nbsp;&nbsp;&nbsp; +49 (0) 1722109971<\/p>\n\n\n\n<p>Correo electr\u00f3nico: info@red-de-traduccion.de<\/p>\n\n\n\n<p><strong>N.\u00ba de identificaci\u00f3n fiscal a efectos del IVA:<\/strong><\/p>\n\n\n\n<p>N\u00famero de identificaci\u00f3n fiscal a efectos del IVA de conformidad con el art. 27, letra a de la Umsatzsteuergesetz (Ley alemana del IVA):<\/p>\n\n\n\n<p>DE 27 41 36 780<\/p>\n\n\n\n<p><strong>Responsable del contenido con arreglo al art. 55, apartado 2 del RStV (Tratado de Estados federales de Difusi\u00f3n)<\/strong><\/p>\n\n\n\n<p>Sarah Schneider<\/p>\n\n\n\n<p>Schwartzkopffstr. 9<\/p>\n\n\n\n<p>10115 Berl\u00edn<\/p>\n\n\n\n<p>Alemania<\/p>\n\n\n\n<p>No estoy preparada ni me comprometo a participar en procedimientos de resoluci\u00f3n de litigios<\/p>\n\n\n\n<p>ante un organismo arbitral de consumo.<\/p>\n\n\n\n<p><strong>Responsabilidad con respecto a los contenidos<\/strong><\/p>\n\n\n\n<p>Como proveedora de servicios, seg\u00fan el art\u00edculo 7, p\u00e1rrafo 1 de la TMG (Ley alemana de servicios de telecomunicaci\u00f3n), soy responsable de mis propios contenidos de esta p\u00e1gina web seg\u00fan la legislaci\u00f3n general. Seg\u00fan los art\u00edculos 8-10 de la TMG, como proveedora de servicios, no estoy obligada a supervisar informaci\u00f3n ajena transmitida o guardada o a investigar la existencia de circunstancias que indiquen una actividad ileg\u00edtima.<\/p>\n\n\n\n<p>Las obligaciones de eliminar o bloquear el uso de la informaci\u00f3n de conformidad con la legislaci\u00f3n general permanecen inalteradas. No obstante, en el momento en que se es consciente de que ha habido un incumplimiento de la legislaci\u00f3n, se podr\u00e1 asumir una responsabilidad al respecto. En cuanto sea consciente de que se incumple la legislaci\u00f3n, eliminar\u00e9 los contenidos correspondientes de inmediato.<\/p>\n\n\n\n<p><strong>Responsabilidad con respecto a los enlaces<\/strong><\/p>\n\n\n\n<p>Mi p\u00e1gina web contiene enlaces a p\u00e1ginas web externas de terceros en cuyos contenidos no tengo ninguna influencia. Por lo tanto, no puedo asumir ninguna responsabilidad con respecto a esos contenidos. El responsable del contenido de las p\u00e1ginas enlazadas siempre es el correspondiente proveedor u operador de la p\u00e1gina web. En el momento de enlazar las p\u00e1ginas enlazadas, se comprob\u00f3 que no incumplieran la legislaci\u00f3n y no se detect\u00f3 ning\u00fan contenido ilegal. Sin embargo, no se me puede exigir un control permanente de los contenidos de las p\u00e1ginas enlazadas sin que medien indicios concretos de incumplimiento de la legislaci\u00f3n. En cuanto sea consciente de que se incumple la legislaci\u00f3n, eliminar\u00e9 los enlaces correspondientes de inmediato.<\/p>\n\n\n\n<p><strong>Propiedad intelectual<\/strong><\/p>\n\n\n\n<p>Los contenidos y obras creados por el operador de la p\u00e1gina web est\u00e1n sometidos al derecho de la propiedad intelectual. La reproducci\u00f3n, edici\u00f3n, difusi\u00f3n y cualquier tipo de utilizaci\u00f3n fuera de los l\u00edmites del derecho de la propiedad intelectual requieren el acuerdo por escrito del autor o creador correspondiente. Las descargas y copias de esta p\u00e1gina se permiten \u00fanicamente para el uso privado y no comercial. Si existen contenidos en esta p\u00e1gina que no hayan sido creados por el operador, se respetar\u00e1n los derechos de propiedad intelectual de terceros. En particular, los contenidos que pertenecen a terceros se identifican como tal. Si, a pesar de esto, detectase un incumplimiento del derecho de la propiedad intelectual, p\u00f3ngase en contacto conmigo. En cuanto sea consciente de que se incumple la legislaci\u00f3n, eliminar\u00e9 los contenidos correspondientes de inmediato.<\/p>\n\n\n\n<p><strong>Autoridad Supervisora competente para quejas relacionadas con la protecci\u00f3n de datos: <\/strong><\/p>\n\n\n\n<p><strong>Berliner Beauftragte f\u00fcr Datenschutz und Informationsfreiheit (Comisario de Protecci\u00f3n de Datos y de Acceso a la Informaci\u00f3n de Berl\u00edn)<\/strong><\/p>\n\n\n\n<p>Friedrichstr. 219<\/p>\n\n\n\n<p>10969 Berlin<\/p>\n\n\n\n<p>Alemania<\/p>\n\n\n\n<p>Tel.: +49 30 13889-0<\/p>\n\n\n\n<p>Fax: +49 30 2155050<\/p>\n\n\n\n<p>Correo electr\u00f3nico: mailbox@datenschutz-berlin.de<\/p>\n\n\n\n<p>Fuente: eRecht24 (adaptado)<\/p>\n\n\n\n<p>Traducci\u00f3n: Ana Abad, Transcreat S.L.<\/p>\n","protected":false},"excerpt":{"rendered":"<p>Aviso legal Datos de conformidad con el art. 5 de la TMG (Ley alemana de servicios de telecomunicaci\u00f3n) Sarah Schneider Schwartzkopffstr. 9 10115 Berl\u00edn Contacto Tel\u00e9fono:&nbsp;&nbsp;&nbsp;&nbsp;&nbsp;&nbsp;&nbsp; +49 (0) 30 28 43 33 45 M\u00f3vil:&nbsp;&nbsp;&nbsp;&nbsp;&nbsp;&nbsp;&nbsp;&nbsp;&nbsp;&nbsp;&nbsp;&nbsp; +49 (0) 1722109971 Correo electr\u00f3nico: info@red-de-traduccion.de N.\u00ba de identificaci\u00f3n fiscal a efectos del IVA: N\u00famero de identificaci\u00f3n fiscal a efectos del [&hellip;]<\/p>\n","protected":false},"author":1,"featured_media":0,"parent":0,"menu_order":0,"comment_status":"closed","ping_status":"closed","template":"","meta":{"footnotes":""},"class_list":["post-22","page","type-page","status-publish","hentry"],"yoast_head":"<!-- This site is optimized with the Yoast SEO plugin v27.4 - https:\/\/yoast.com\/product\/yoast-seo-wordpress\/ -->\n<title>Aviso Legal - Sarah Schneider Sprachdienste - Servicios Ling\u00fc\u00edsticos<\/title>\n<meta name=\"robots\" content=\"index, follow, max-snippet:-1, max-image-preview:large, max-video-preview:-1\" \/>\n<link rel=\"canonical\" href=\"https:\/\/sarah-schneider-sprachdienste.de\/es\/aviso-legal\/\" \/>\n<meta property=\"og:locale\" content=\"es_ES\" \/>\n<meta property=\"og:type\" content=\"article\" \/>\n<meta property=\"og:title\" content=\"Aviso Legal - Sarah Schneider Sprachdienste - Servicios Ling\u00fc\u00edsticos\" \/>\n<meta property=\"og:description\" content=\"Aviso legal Datos de conformidad con el art. 5 de la TMG (Ley alemana de servicios de telecomunicaci\u00f3n) Sarah Schneider Schwartzkopffstr. 9 10115 Berl\u00edn Contacto Tel\u00e9fono:&nbsp;&nbsp;&nbsp;&nbsp;&nbsp;&nbsp;&nbsp; +49 (0) 30 28 43 33 45 M\u00f3vil:&nbsp;&nbsp;&nbsp;&nbsp;&nbsp;&nbsp;&nbsp;&nbsp;&nbsp;&nbsp;&nbsp;&nbsp; +49 (0) 1722109971 Correo electr\u00f3nico: info@red-de-traduccion.de N.\u00ba de identificaci\u00f3n fiscal a efectos del IVA: N\u00famero de identificaci\u00f3n fiscal a efectos del [&hellip;]\" \/>\n<meta property=\"og:url\" content=\"https:\/\/sarah-schneider-sprachdienste.de\/es\/aviso-legal\/\" \/>\n<meta property=\"og:site_name\" content=\"Sarah Schneider Sprachdienste - Servicios Ling\u00fc\u00edsticos\" \/>\n<meta property=\"article:modified_time\" content=\"2021-06-16T11:08:41+00:00\" \/>\n<meta name=\"twitter:card\" content=\"summary_large_image\" \/>\n<meta name=\"twitter:label1\" content=\"Tiempo de lectura\" \/>\n\t<meta name=\"twitter:data1\" content=\"3 minutos\" \/>\n<script type=\"application\/ld+json\" class=\"yoast-schema-graph\">{\"@context\":\"https:\\\/\\\/schema.org\",\"@graph\":[{\"@type\":\"WebPage\",\"@id\":\"https:\\\/\\\/sarah-schneider-sprachdienste.de\\\/es\\\/aviso-legal\\\/\",\"url\":\"https:\\\/\\\/sarah-schneider-sprachdienste.de\\\/es\\\/aviso-legal\\\/\",\"name\":\"Aviso Legal - Sarah Schneider Sprachdienste - Servicios Ling\u00fc\u00edsticos\",\"isPartOf\":{\"@id\":\"https:\\\/\\\/sarah-schneider-sprachdienste.de\\\/es\\\/#website\"},\"datePublished\":\"2021-06-16T11:08:40+00:00\",\"dateModified\":\"2021-06-16T11:08:41+00:00\",\"breadcrumb\":{\"@id\":\"https:\\\/\\\/sarah-schneider-sprachdienste.de\\\/es\\\/aviso-legal\\\/#breadcrumb\"},\"inLanguage\":\"es\",\"potentialAction\":[{\"@type\":\"ReadAction\",\"target\":[\"https:\\\/\\\/sarah-schneider-sprachdienste.de\\\/es\\\/aviso-legal\\\/\"]}]},{\"@type\":\"BreadcrumbList\",\"@id\":\"https:\\\/\\\/sarah-schneider-sprachdienste.de\\\/es\\\/aviso-legal\\\/#breadcrumb\",\"itemListElement\":[{\"@type\":\"ListItem\",\"position\":1,\"name\":\"Portada\",\"item\":\"https:\\\/\\\/sarah-schneider-sprachdienste.de\\\/es\\\/\"},{\"@type\":\"ListItem\",\"position\":2,\"name\":\"Aviso Legal\"}]},{\"@type\":\"WebSite\",\"@id\":\"https:\\\/\\\/sarah-schneider-sprachdienste.de\\\/es\\\/#website\",\"url\":\"https:\\\/\\\/sarah-schneider-sprachdienste.de\\\/es\\\/\",\"name\":\"Sarah Schneider Sprachdienste - Servicios Ling\u00fc\u00edsticos\",\"description\":\"\",\"publisher\":{\"@id\":\"https:\\\/\\\/sarah-schneider-sprachdienste.de\\\/es\\\/#organization\"},\"potentialAction\":[{\"@type\":\"SearchAction\",\"target\":{\"@type\":\"EntryPoint\",\"urlTemplate\":\"https:\\\/\\\/sarah-schneider-sprachdienste.de\\\/es\\\/?s={search_term_string}\"},\"query-input\":{\"@type\":\"PropertyValueSpecification\",\"valueRequired\":true,\"valueName\":\"search_term_string\"}}],\"inLanguage\":\"es\"},{\"@type\":\"Organization\",\"@id\":\"https:\\\/\\\/sarah-schneider-sprachdienste.de\\\/es\\\/#organization\",\"name\":\"Sarah Schneider Sprachdienste\",\"alternateName\":\"sprachdienste\",\"url\":\"https:\\\/\\\/sarah-schneider-sprachdienste.de\\\/es\\\/\",\"logo\":{\"@type\":\"ImageObject\",\"inLanguage\":\"es\",\"@id\":\"https:\\\/\\\/sarah-schneider-sprachdienste.de\\\/es\\\/#\\\/schema\\\/logo\\\/image\\\/\",\"url\":\"https:\\\/\\\/sarah-schneider-sprachdienste.de\\\/wp-content\\\/uploads\\\/logo-alem_C3_A1-optimizado.png\",\"contentUrl\":\"https:\\\/\\\/sarah-schneider-sprachdienste.de\\\/wp-content\\\/uploads\\\/logo-alem_C3_A1-optimizado.png\",\"width\":636,\"height\":244,\"caption\":\"Sarah Schneider Sprachdienste\"},\"image\":{\"@id\":\"https:\\\/\\\/sarah-schneider-sprachdienste.de\\\/es\\\/#\\\/schema\\\/logo\\\/image\\\/\"}}]}<\/script>\n<!-- \/ Yoast SEO plugin. -->","yoast_head_json":{"title":"Aviso Legal - Sarah Schneider Sprachdienste - Servicios Ling\u00fc\u00edsticos","robots":{"index":"index","follow":"follow","max-snippet":"max-snippet:-1","max-image-preview":"max-image-preview:large","max-video-preview":"max-video-preview:-1"},"canonical":"https:\/\/sarah-schneider-sprachdienste.de\/es\/aviso-legal\/","og_locale":"es_ES","og_type":"article","og_title":"Aviso Legal - Sarah Schneider Sprachdienste - Servicios Ling\u00fc\u00edsticos","og_description":"Aviso legal Datos de conformidad con el art. 5 de la TMG (Ley alemana de servicios de telecomunicaci\u00f3n) Sarah Schneider Schwartzkopffstr. 9 10115 Berl\u00edn Contacto Tel\u00e9fono:&nbsp;&nbsp;&nbsp;&nbsp;&nbsp;&nbsp;&nbsp; +49 (0) 30 28 43 33 45 M\u00f3vil:&nbsp;&nbsp;&nbsp;&nbsp;&nbsp;&nbsp;&nbsp;&nbsp;&nbsp;&nbsp;&nbsp;&nbsp; +49 (0) 1722109971 Correo electr\u00f3nico: info@red-de-traduccion.de N.\u00ba de identificaci\u00f3n fiscal a efectos del IVA: N\u00famero de identificaci\u00f3n fiscal a efectos del [&hellip;]","og_url":"https:\/\/sarah-schneider-sprachdienste.de\/es\/aviso-legal\/","og_site_name":"Sarah Schneider Sprachdienste - Servicios Ling\u00fc\u00edsticos","article_modified_time":"2021-06-16T11:08:41+00:00","twitter_card":"summary_large_image","twitter_misc":{"Tiempo de lectura":"3 minutos"},"schema":{"@context":"https:\/\/schema.org","@graph":[{"@type":"WebPage","@id":"https:\/\/sarah-schneider-sprachdienste.de\/es\/aviso-legal\/","url":"https:\/\/sarah-schneider-sprachdienste.de\/es\/aviso-legal\/","name":"Aviso Legal - Sarah Schneider Sprachdienste - Servicios Ling\u00fc\u00edsticos","isPartOf":{"@id":"https:\/\/sarah-schneider-sprachdienste.de\/es\/#website"},"datePublished":"2021-06-16T11:08:40+00:00","dateModified":"2021-06-16T11:08:41+00:00","breadcrumb":{"@id":"https:\/\/sarah-schneider-sprachdienste.de\/es\/aviso-legal\/#breadcrumb"},"inLanguage":"es","potentialAction":[{"@type":"ReadAction","target":["https:\/\/sarah-schneider-sprachdienste.de\/es\/aviso-legal\/"]}]},{"@type":"BreadcrumbList","@id":"https:\/\/sarah-schneider-sprachdienste.de\/es\/aviso-legal\/#breadcrumb","itemListElement":[{"@type":"ListItem","position":1,"name":"Portada","item":"https:\/\/sarah-schneider-sprachdienste.de\/es\/"},{"@type":"ListItem","position":2,"name":"Aviso Legal"}]},{"@type":"WebSite","@id":"https:\/\/sarah-schneider-sprachdienste.de\/es\/#website","url":"https:\/\/sarah-schneider-sprachdienste.de\/es\/","name":"Sarah Schneider Sprachdienste - Servicios Ling\u00fc\u00edsticos","description":"","publisher":{"@id":"https:\/\/sarah-schneider-sprachdienste.de\/es\/#organization"},"potentialAction":[{"@type":"SearchAction","target":{"@type":"EntryPoint","urlTemplate":"https:\/\/sarah-schneider-sprachdienste.de\/es\/?s={search_term_string}"},"query-input":{"@type":"PropertyValueSpecification","valueRequired":true,"valueName":"search_term_string"}}],"inLanguage":"es"},{"@type":"Organization","@id":"https:\/\/sarah-schneider-sprachdienste.de\/es\/#organization","name":"Sarah Schneider Sprachdienste","alternateName":"sprachdienste","url":"https:\/\/sarah-schneider-sprachdienste.de\/es\/","logo":{"@type":"ImageObject","inLanguage":"es","@id":"https:\/\/sarah-schneider-sprachdienste.de\/es\/#\/schema\/logo\/image\/","url":"https:\/\/sarah-schneider-sprachdienste.de\/wp-content\/uploads\/logo-alem_C3_A1-optimizado.png","contentUrl":"https:\/\/sarah-schneider-sprachdienste.de\/wp-content\/uploads\/logo-alem_C3_A1-optimizado.png","width":636,"height":244,"caption":"Sarah Schneider Sprachdienste"},"image":{"@id":"https:\/\/sarah-schneider-sprachdienste.de\/es\/#\/schema\/logo\/image\/"}}]}},"_links":{"self":[{"href":"https:\/\/sarah-schneider-sprachdienste.de\/es\/wp-json\/wp\/v2\/pages\/22","targetHints":{"allow":["GET"]}}],"collection":[{"href":"https:\/\/sarah-schneider-sprachdienste.de\/es\/wp-json\/wp\/v2\/pages"}],"about":[{"href":"https:\/\/sarah-schneider-sprachdienste.de\/es\/wp-json\/wp\/v2\/types\/page"}],"author":[{"embeddable":true,"href":"https:\/\/sarah-schneider-sprachdienste.de\/es\/wp-json\/wp\/v2\/users\/1"}],"replies":[{"embeddable":true,"href":"https:\/\/sarah-schneider-sprachdienste.de\/es\/wp-json\/wp\/v2\/comments?post=22"}],"version-history":[{"count":1,"href":"https:\/\/sarah-schneider-sprachdienste.de\/es\/wp-json\/wp\/v2\/pages\/22\/revisions"}],"predecessor-version":[{"id":23,"href":"https:\/\/sarah-schneider-sprachdienste.de\/es\/wp-json\/wp\/v2\/pages\/22\/revisions\/23"}],"wp:attachment":[{"href":"https:\/\/sarah-schneider-sprachdienste.de\/es\/wp-json\/wp\/v2\/media?parent=22"}],"curies":[{"name":"wp","href":"https:\/\/api.w.org\/{rel}","templated":true}]}}