{"id":24,"date":"2021-06-16T11:09:01","date_gmt":"2021-06-16T11:09:01","guid":{"rendered":"https:\/\/sarah-schneider-sprachdienste.de\/?page_id=24"},"modified":"2021-06-16T11:09:03","modified_gmt":"2021-06-16T11:09:03","slug":"impressum","status":"publish","type":"page","link":"https:\/\/sarah-schneider-sprachdienste.de\/es\/impressum\/","title":{"rendered":"Impressum"},"content":{"rendered":"\n<p><strong>Impressum <\/strong><\/p>\n\n\n\n<p><strong>Angaben gem\u00e4\u00df \u00a7 5 TMG<\/strong><\/p>\n\n\n\n<p>Sarah Schneider<\/p>\n\n\n\n<p>Sarah Schneider Sprachdienste \u2013 Sprach- und \u00dcbersetzungsb\u00fcro<\/p>\n\n\n\n<p>Schwartzkopffstr. 9<\/p>\n\n\n\n<p>10115 Berlin<\/p>\n\n\n\n<p><strong>Kontakt<\/strong><\/p>\n\n\n\n<p>Telefon: &nbsp;&nbsp;&nbsp;&nbsp;&nbsp;&nbsp;&nbsp;&nbsp; +49 (0) 30 28 43 33 45<\/p>\n\n\n\n<p>Mobil:&nbsp;&nbsp;&nbsp;&nbsp;&nbsp;&nbsp;&nbsp;&nbsp;&nbsp;&nbsp;&nbsp;&nbsp; +49 (0) 1722109971<\/p>\n\n\n\n<p>E-Mail:   sarah-schneider-sprachdienste.de <\/p>\n\n\n\n<p><strong>Umsatzsteuer-ID<\/strong><\/p>\n\n\n\n<p>Umsatzsteuer-Identifikationsnummer gem\u00e4\u00df \u00a727 a Umsatzsteuergesetz:<\/p>\n\n\n\n<p>DE 27 41 36 780<\/p>\n\n\n\n<p><strong>Verantwortlich f\u00fcr den Inhalt nach \u00a7 55 Abs. 2 RStV<\/strong><\/p>\n\n\n\n<p>Sarah Schneider<\/p>\n\n\n\n<p>Schwartzkopffstr. 9<\/p>\n\n\n\n<p>10115 Berlin<\/p>\n\n\n\n<p>Ich bin nicht bereit oder verpflichtet, an Streitbeilegungsverfahren vor einer<\/p>\n\n\n\n<p>Verbraucherschlichtungsstelle teilzunehmen.<\/p>\n\n\n\n<p><strong>Haftung f\u00fcr Inhalte<\/strong><\/p>\n\n\n\n<p>Als Diensteanbieter bin ich gem\u00e4\u00df \u00a7 7 Abs.1 TMG f\u00fcr eigene Inhalte auf diesen Seiten nach den allgemeinen Gesetzen verantwortlich. Nach \u00a7\u00a7 8 bis 10 TMG bin ich als Diensteanbieter jedoch nichtverpflichtet, \u00fcbermittelte oder gespeicherte fremde Informationen zu \u00fcberwachen oder nach Umst\u00e4nden zuforschen, die auf eine rechtswidrige T\u00e4tigkeit hinweisen.<\/p>\n\n\n\n<p>Verpflichtungen zur Entfernung oder Sperrung der Nutzung von Informationen nach den allgemeinen Gesetzen bleiben hiervon unber\u00fchrt. Eine diesbez\u00fcgliche Haftung ist jedoch erst ab dem Zeitpunkt der Kenntnis einer konkreten Rechtsverletzung m\u00f6glich. Bei Bekanntwerden von entsprechenden Rechtsverletzungen werden wir diese Inhalte umgehend entfernen.<\/p>\n\n\n\n<p><strong>Haftung f\u00fcr Links<\/strong><\/p>\n\n\n\n<p>Mein Angebot enth\u00e4lt Links zu externen Websites Dritter, auf deren Inhalte ich keinen Einfluss habe. Deshalb kann ich f\u00fcr diese fremden Inhalte auch keine Gew\u00e4hr \u00fcbernehmen. F\u00fcr die Inhalte der verlinkten Seiten ist stets der jeweilige Anbieter oder Betreiber der Seiten verantwortlich. Die verlinkten Seiten wurden zum Zeitpunkt der Verlinkung auf m\u00f6gliche Rechtsverst\u00f6\u00dfe \u00fcberpr\u00fcft. Rechtswidrige Inhalte waren zum Zeitpunkt der Verlinkung nicht erkennbar. Eine permanente inhaltliche Kontrolle der verlinkten Seiten ist jedoch ohne konkrete Anhaltspunkte einer Rechtsverletzung nicht zumutbar. Bei Bekanntwerden von Rechtsverletzungen werde ich derartige Links umgehend entfernen.<\/p>\n\n\n\n<p><strong>Urheberrecht<\/strong><\/p>\n\n\n\n<p>Die durch die Seitenbetreiber erstellten Inhalte und Werke auf diesen Seiten unterliegen dem deutschen Urheberrecht. Die Vervielf\u00e4ltigung, Bearbeitung, Verbreitung und jede Art der Verwertung au\u00dferhalb der Grenzen des Urheberrechtes bed\u00fcrfen der schriftlichen Zustimmung des jeweiligen Autors bzw. Erstellers. Downloads und Kopien dieser Seite sind nur f\u00fcr den privaten, nicht kommerziellen Gebrauch gestattet. Soweit die Inhalte auf dieser Seite nicht vom Betreiber erstellt wurden, werden die Urheberrechte Dritter beachtet. Insbesondere werden Inhalte Dritter als solche gekennzeichnet. Sollten Sie trotzdem auf eine Urheberrechtsverletzung aufmerksam werden, bitte ich um einen entsprechenden Hinweis. Bei Bekanntwerden von Rechtsverletzungen werde ich derartige Inhalte umgehend entfernen.<\/p>\n\n\n\n<p><strong>Zust\u00e4ndige Aufsichtsbeh\u00f6rde f\u00fcr Beschwerden den Datenschutz betreffend:<\/strong><\/p>\n\n\n\n<p><strong>Berliner Beauftragte f\u00fcr Datenschutz und Informationsfreiheit<\/strong><\/p>\n\n\n\n<p>Friedrichstr. 219<\/p>\n\n\n\n<p>10969 Berlin<\/p>\n\n\n\n<p>Tel.: +49 30 13889-0<\/p>\n\n\n\n<p>Fax: +49 30 2155050<\/p>\n\n\n\n<p>E-Mail: mailbox@datenschutz-berlin.de<\/p>\n\n\n\n<p>Quelle:eRecht24 (angepasst)<\/p>\n\n\n\n<p><\/p>\n","protected":false},"excerpt":{"rendered":"<p>Impressum Angaben gem\u00e4\u00df \u00a7 5 TMG Sarah Schneider Sarah Schneider Sprachdienste \u2013 Sprach- und \u00dcbersetzungsb\u00fcro Schwartzkopffstr. 9 10115 Berlin Kontakt Telefon: &nbsp;&nbsp;&nbsp;&nbsp;&nbsp;&nbsp;&nbsp;&nbsp; +49 (0) 30 28 43 33 45 Mobil:&nbsp;&nbsp;&nbsp;&nbsp;&nbsp;&nbsp;&nbsp;&nbsp;&nbsp;&nbsp;&nbsp;&nbsp; +49 (0) 1722109971 E-Mail: sarah-schneider-sprachdienste.de Umsatzsteuer-ID Umsatzsteuer-Identifikationsnummer gem\u00e4\u00df \u00a727 a Umsatzsteuergesetz: DE 27 41 36 780 Verantwortlich f\u00fcr den Inhalt nach \u00a7 55 Abs. 2 [&hellip;]<\/p>\n","protected":false},"author":1,"featured_media":0,"parent":0,"menu_order":0,"comment_status":"closed","ping_status":"closed","template":"","meta":{"footnotes":""},"class_list":["post-24","page","type-page","status-publish","hentry"],"yoast_head":"<!-- This site is optimized with the Yoast SEO plugin v27.4 - https:\/\/yoast.com\/product\/yoast-seo-wordpress\/ -->\n<title>Impressum - Sarah Schneider Sprachdienste - Servicios Ling\u00fc\u00edsticos<\/title>\n<meta name=\"robots\" content=\"index, follow, max-snippet:-1, max-image-preview:large, max-video-preview:-1\" \/>\n<link rel=\"canonical\" href=\"https:\/\/sarah-schneider-sprachdienste.de\/es\/impressum\/\" \/>\n<meta property=\"og:locale\" content=\"es_ES\" \/>\n<meta property=\"og:type\" content=\"article\" \/>\n<meta property=\"og:title\" content=\"Impressum - Sarah Schneider Sprachdienste - Servicios Ling\u00fc\u00edsticos\" \/>\n<meta property=\"og:description\" content=\"Impressum Angaben gem\u00e4\u00df \u00a7 5 TMG Sarah Schneider Sarah Schneider Sprachdienste \u2013 Sprach- und \u00dcbersetzungsb\u00fcro Schwartzkopffstr. 9 10115 Berlin Kontakt Telefon: &nbsp;&nbsp;&nbsp;&nbsp;&nbsp;&nbsp;&nbsp;&nbsp; +49 (0) 30 28 43 33 45 Mobil:&nbsp;&nbsp;&nbsp;&nbsp;&nbsp;&nbsp;&nbsp;&nbsp;&nbsp;&nbsp;&nbsp;&nbsp; +49 (0) 1722109971 E-Mail: sarah-schneider-sprachdienste.de Umsatzsteuer-ID Umsatzsteuer-Identifikationsnummer gem\u00e4\u00df \u00a727 a Umsatzsteuergesetz: DE 27 41 36 780 Verantwortlich f\u00fcr den Inhalt nach \u00a7 55 Abs. 2 [&hellip;]\" \/>\n<meta property=\"og:url\" content=\"https:\/\/sarah-schneider-sprachdienste.de\/es\/impressum\/\" \/>\n<meta property=\"og:site_name\" content=\"Sarah Schneider Sprachdienste - Servicios Ling\u00fc\u00edsticos\" \/>\n<meta property=\"article:modified_time\" content=\"2021-06-16T11:09:03+00:00\" \/>\n<meta name=\"twitter:card\" content=\"summary_large_image\" \/>\n<meta name=\"twitter:label1\" content=\"Tiempo de lectura\" \/>\n\t<meta name=\"twitter:data1\" content=\"2 minutos\" \/>\n<script type=\"application\/ld+json\" class=\"yoast-schema-graph\">{\"@context\":\"https:\\\/\\\/schema.org\",\"@graph\":[{\"@type\":\"WebPage\",\"@id\":\"https:\\\/\\\/sarah-schneider-sprachdienste.de\\\/es\\\/impressum\\\/\",\"url\":\"https:\\\/\\\/sarah-schneider-sprachdienste.de\\\/es\\\/impressum\\\/\",\"name\":\"Impressum - Sarah Schneider Sprachdienste - Servicios Ling\u00fc\u00edsticos\",\"isPartOf\":{\"@id\":\"https:\\\/\\\/sarah-schneider-sprachdienste.de\\\/es\\\/#website\"},\"datePublished\":\"2021-06-16T11:09:01+00:00\",\"dateModified\":\"2021-06-16T11:09:03+00:00\",\"breadcrumb\":{\"@id\":\"https:\\\/\\\/sarah-schneider-sprachdienste.de\\\/es\\\/impressum\\\/#breadcrumb\"},\"inLanguage\":\"es\",\"potentialAction\":[{\"@type\":\"ReadAction\",\"target\":[\"https:\\\/\\\/sarah-schneider-sprachdienste.de\\\/es\\\/impressum\\\/\"]}]},{\"@type\":\"BreadcrumbList\",\"@id\":\"https:\\\/\\\/sarah-schneider-sprachdienste.de\\\/es\\\/impressum\\\/#breadcrumb\",\"itemListElement\":[{\"@type\":\"ListItem\",\"position\":1,\"name\":\"Portada\",\"item\":\"https:\\\/\\\/sarah-schneider-sprachdienste.de\\\/es\\\/\"},{\"@type\":\"ListItem\",\"position\":2,\"name\":\"Impressum\"}]},{\"@type\":\"WebSite\",\"@id\":\"https:\\\/\\\/sarah-schneider-sprachdienste.de\\\/es\\\/#website\",\"url\":\"https:\\\/\\\/sarah-schneider-sprachdienste.de\\\/es\\\/\",\"name\":\"Sarah Schneider Sprachdienste - Servicios Ling\u00fc\u00edsticos\",\"description\":\"\",\"publisher\":{\"@id\":\"https:\\\/\\\/sarah-schneider-sprachdienste.de\\\/es\\\/#organization\"},\"potentialAction\":[{\"@type\":\"SearchAction\",\"target\":{\"@type\":\"EntryPoint\",\"urlTemplate\":\"https:\\\/\\\/sarah-schneider-sprachdienste.de\\\/es\\\/?s={search_term_string}\"},\"query-input\":{\"@type\":\"PropertyValueSpecification\",\"valueRequired\":true,\"valueName\":\"search_term_string\"}}],\"inLanguage\":\"es\"},{\"@type\":\"Organization\",\"@id\":\"https:\\\/\\\/sarah-schneider-sprachdienste.de\\\/es\\\/#organization\",\"name\":\"Sarah Schneider Sprachdienste\",\"alternateName\":\"sprachdienste\",\"url\":\"https:\\\/\\\/sarah-schneider-sprachdienste.de\\\/es\\\/\",\"logo\":{\"@type\":\"ImageObject\",\"inLanguage\":\"es\",\"@id\":\"https:\\\/\\\/sarah-schneider-sprachdienste.de\\\/es\\\/#\\\/schema\\\/logo\\\/image\\\/\",\"url\":\"https:\\\/\\\/sarah-schneider-sprachdienste.de\\\/wp-content\\\/uploads\\\/logo-alem_C3_A1-optimizado.png\",\"contentUrl\":\"https:\\\/\\\/sarah-schneider-sprachdienste.de\\\/wp-content\\\/uploads\\\/logo-alem_C3_A1-optimizado.png\",\"width\":636,\"height\":244,\"caption\":\"Sarah Schneider Sprachdienste\"},\"image\":{\"@id\":\"https:\\\/\\\/sarah-schneider-sprachdienste.de\\\/es\\\/#\\\/schema\\\/logo\\\/image\\\/\"}}]}<\/script>\n<!-- \/ Yoast SEO plugin. -->","yoast_head_json":{"title":"Impressum - Sarah Schneider Sprachdienste - Servicios Ling\u00fc\u00edsticos","robots":{"index":"index","follow":"follow","max-snippet":"max-snippet:-1","max-image-preview":"max-image-preview:large","max-video-preview":"max-video-preview:-1"},"canonical":"https:\/\/sarah-schneider-sprachdienste.de\/es\/impressum\/","og_locale":"es_ES","og_type":"article","og_title":"Impressum - Sarah Schneider Sprachdienste - Servicios Ling\u00fc\u00edsticos","og_description":"Impressum Angaben gem\u00e4\u00df \u00a7 5 TMG Sarah Schneider Sarah Schneider Sprachdienste \u2013 Sprach- und \u00dcbersetzungsb\u00fcro Schwartzkopffstr. 9 10115 Berlin Kontakt Telefon: &nbsp;&nbsp;&nbsp;&nbsp;&nbsp;&nbsp;&nbsp;&nbsp; +49 (0) 30 28 43 33 45 Mobil:&nbsp;&nbsp;&nbsp;&nbsp;&nbsp;&nbsp;&nbsp;&nbsp;&nbsp;&nbsp;&nbsp;&nbsp; +49 (0) 1722109971 E-Mail: sarah-schneider-sprachdienste.de Umsatzsteuer-ID Umsatzsteuer-Identifikationsnummer gem\u00e4\u00df \u00a727 a Umsatzsteuergesetz: DE 27 41 36 780 Verantwortlich f\u00fcr den Inhalt nach \u00a7 55 Abs. 2 [&hellip;]","og_url":"https:\/\/sarah-schneider-sprachdienste.de\/es\/impressum\/","og_site_name":"Sarah Schneider Sprachdienste - Servicios Ling\u00fc\u00edsticos","article_modified_time":"2021-06-16T11:09:03+00:00","twitter_card":"summary_large_image","twitter_misc":{"Tiempo de lectura":"2 minutos"},"schema":{"@context":"https:\/\/schema.org","@graph":[{"@type":"WebPage","@id":"https:\/\/sarah-schneider-sprachdienste.de\/es\/impressum\/","url":"https:\/\/sarah-schneider-sprachdienste.de\/es\/impressum\/","name":"Impressum - Sarah Schneider Sprachdienste - Servicios Ling\u00fc\u00edsticos","isPartOf":{"@id":"https:\/\/sarah-schneider-sprachdienste.de\/es\/#website"},"datePublished":"2021-06-16T11:09:01+00:00","dateModified":"2021-06-16T11:09:03+00:00","breadcrumb":{"@id":"https:\/\/sarah-schneider-sprachdienste.de\/es\/impressum\/#breadcrumb"},"inLanguage":"es","potentialAction":[{"@type":"ReadAction","target":["https:\/\/sarah-schneider-sprachdienste.de\/es\/impressum\/"]}]},{"@type":"BreadcrumbList","@id":"https:\/\/sarah-schneider-sprachdienste.de\/es\/impressum\/#breadcrumb","itemListElement":[{"@type":"ListItem","position":1,"name":"Portada","item":"https:\/\/sarah-schneider-sprachdienste.de\/es\/"},{"@type":"ListItem","position":2,"name":"Impressum"}]},{"@type":"WebSite","@id":"https:\/\/sarah-schneider-sprachdienste.de\/es\/#website","url":"https:\/\/sarah-schneider-sprachdienste.de\/es\/","name":"Sarah Schneider Sprachdienste - Servicios Ling\u00fc\u00edsticos","description":"","publisher":{"@id":"https:\/\/sarah-schneider-sprachdienste.de\/es\/#organization"},"potentialAction":[{"@type":"SearchAction","target":{"@type":"EntryPoint","urlTemplate":"https:\/\/sarah-schneider-sprachdienste.de\/es\/?s={search_term_string}"},"query-input":{"@type":"PropertyValueSpecification","valueRequired":true,"valueName":"search_term_string"}}],"inLanguage":"es"},{"@type":"Organization","@id":"https:\/\/sarah-schneider-sprachdienste.de\/es\/#organization","name":"Sarah Schneider Sprachdienste","alternateName":"sprachdienste","url":"https:\/\/sarah-schneider-sprachdienste.de\/es\/","logo":{"@type":"ImageObject","inLanguage":"es","@id":"https:\/\/sarah-schneider-sprachdienste.de\/es\/#\/schema\/logo\/image\/","url":"https:\/\/sarah-schneider-sprachdienste.de\/wp-content\/uploads\/logo-alem_C3_A1-optimizado.png","contentUrl":"https:\/\/sarah-schneider-sprachdienste.de\/wp-content\/uploads\/logo-alem_C3_A1-optimizado.png","width":636,"height":244,"caption":"Sarah Schneider Sprachdienste"},"image":{"@id":"https:\/\/sarah-schneider-sprachdienste.de\/es\/#\/schema\/logo\/image\/"}}]}},"_links":{"self":[{"href":"https:\/\/sarah-schneider-sprachdienste.de\/es\/wp-json\/wp\/v2\/pages\/24","targetHints":{"allow":["GET"]}}],"collection":[{"href":"https:\/\/sarah-schneider-sprachdienste.de\/es\/wp-json\/wp\/v2\/pages"}],"about":[{"href":"https:\/\/sarah-schneider-sprachdienste.de\/es\/wp-json\/wp\/v2\/types\/page"}],"author":[{"embeddable":true,"href":"https:\/\/sarah-schneider-sprachdienste.de\/es\/wp-json\/wp\/v2\/users\/1"}],"replies":[{"embeddable":true,"href":"https:\/\/sarah-schneider-sprachdienste.de\/es\/wp-json\/wp\/v2\/comments?post=24"}],"version-history":[{"count":1,"href":"https:\/\/sarah-schneider-sprachdienste.de\/es\/wp-json\/wp\/v2\/pages\/24\/revisions"}],"predecessor-version":[{"id":25,"href":"https:\/\/sarah-schneider-sprachdienste.de\/es\/wp-json\/wp\/v2\/pages\/24\/revisions\/25"}],"wp:attachment":[{"href":"https:\/\/sarah-schneider-sprachdienste.de\/es\/wp-json\/wp\/v2\/media?parent=24"}],"curies":[{"name":"wp","href":"https:\/\/api.w.org\/{rel}","templated":true}]}}