{"id":26923,"date":"2024-04-03T12:59:19","date_gmt":"2024-04-03T12:59:19","guid":{"rendered":"https:\/\/sarah-schneider-sprachdienste.de\/veroeffentlichungen\/"},"modified":"2024-05-22T15:26:27","modified_gmt":"2024-05-22T15:26:27","slug":"veroeffentlichungen","status":"publish","type":"page","link":"https:\/\/sarah-schneider-sprachdienste.de\/es\/veroeffentlichungen\/","title":{"rendered":"Ver\u00f6ffentlichungen"},"content":{"rendered":"\n<div style=\"height:40px\" aria-hidden=\"true\" class=\"wp-block-spacer\"><\/div>\n\n\n\n<h1 class=\"wp-block-heading has-text-align-center\">Publicaciones<\/h1>\n\n\n\n<div style=\"height:50px\" aria-hidden=\"true\" class=\"wp-block-spacer\"><\/div>\n\n\n\n<div class=\"wp-block-columns is-layout-flex wp-container-core-columns-is-layout-9d6595d7 wp-block-columns-is-layout-flex\">\n<div class=\"wp-block-column is-layout-flow wp-block-column-is-layout-flow\" style=\"flex-basis:60%\">\n<figure class=\"wp-block-image size-large\"><img decoding=\"async\" width=\"1024\" height=\"734\" data-src=\"https:\/\/sarah-schneider-sprachdienste.de\/wp-content\/uploads\/EFU-Cover-1024x734.png\" alt=\"\" class=\"wp-image-26932 lazyload\" data-srcset=\"https:\/\/sarah-schneider-sprachdienste.de\/wp-content\/uploads\/EFU-Cover-1024x734.png 1024w, https:\/\/sarah-schneider-sprachdienste.de\/wp-content\/uploads\/EFU-Cover-300x215.png 300w, https:\/\/sarah-schneider-sprachdienste.de\/wp-content\/uploads\/EFU-Cover-768x551.png 768w, https:\/\/sarah-schneider-sprachdienste.de\/wp-content\/uploads\/EFU-Cover-1536x1102.png 1536w, https:\/\/sarah-schneider-sprachdienste.de\/wp-content\/uploads\/EFU-Cover-2048x1469.png 2048w, https:\/\/sarah-schneider-sprachdienste.de\/wp-content\/uploads\/EFU-Cover-600x430.png 600w\" data-sizes=\"(max-width: 1024px) 100vw, 1024px\" src=\"data:image\/svg+xml;base64,PHN2ZyB3aWR0aD0iMSIgaGVpZ2h0PSIxIiB4bWxucz0iaHR0cDovL3d3dy53My5vcmcvMjAwMC9zdmciPjwvc3ZnPg==\" style=\"--smush-placeholder-width: 1024px; --smush-placeholder-aspect-ratio: 1024\/734;\" \/><\/figure>\n<\/div>\n\n\n\n<div class=\"wp-block-column is-layout-flow wp-block-column-is-layout-flow\" style=\"flex-basis:40%\">\n<h3 class=\"wp-block-heading\"><strong>2024 Publikation meines Kapitels \u201eGesch\u00e4ftsmodell Urkunden\u00fcbersetzen\u201c<\/strong><\/h3>\n\n\n\n<p>Im Buch <em>erfolgreich freiberuflich \u00fcbersetzen<\/em>: Ein umfassender Ratgeber, Paperback \u2013 28 Nov. 2023, Miriam Neidhardt et. al.<\/p>\n\n\n\n<div class=\"wp-block-buttons is-layout-flex wp-block-buttons-is-layout-flex\">\n<div class=\"wp-block-button has-custom-width wp-block-button__width-100 is-style-outline is-style-outline--1\"><a class=\"wp-block-button__link has-text-color has-link-color wp-element-button\" href=\"https:\/\/www.amazon.de\/erfolgreich-freiberuflich-%25C3%25BCbersetzen- umfassender-Ratgeber\/dp\/B0CP57VLKN?&amp;_encoding=UTF8&amp;tag=sarahschneide- 21&amp;linkCode=ur2&amp;linkId=ba06b853f45848f96c2ed8fb651f74a4&amp;camp=1638&amp;creative=6742\" style=\"color:#566747\" target=\"_blank\" rel=\"noreferrer noopener\">Affiliate Link zur Printversion<\/a><\/div>\n<\/div>\n\n\n\n<div style=\"height:5px\" aria-hidden=\"true\" class=\"wp-block-spacer\"><\/div>\n\n\n\n<div class=\"wp-block-buttons is-layout-flex wp-block-buttons-is-layout-flex\">\n<div class=\"wp-block-button has-custom-width wp-block-button__width-100 is-style-outline is-style-outline--2\"><a class=\"wp-block-button__link has-text-color has-link-color wp-element-button\" href=\"https:\/\/www.amazon.de\/-\/en\/Miriam-Neidhardt-%20ebook\/dp\/B0CP4W13ZH\/ref=monarch_sidesheet?&amp;_encoding=UTF8&amp;tag=sarahschneide-%2021&amp;linkCode=ur2&amp;linkId=e9f07564a7dc11730edb129dc58ebc52&amp;camp=1638&amp;creative=6742\" style=\"color:#566747\" target=\"_blank\" rel=\"noreferrer noopener\">Affiliate Link zur Kindl-Version<\/a><\/div>\n<\/div>\n\n\n\n<div style=\"height:5px\" aria-hidden=\"true\" class=\"wp-block-spacer\"><\/div>\n\n\n\n<div class=\"wp-block-buttons is-layout-flex wp-block-buttons-is-layout-flex\">\n<div class=\"wp-block-button has-custom-width wp-block-button__width-100 is-style-outline is-style-outline--3\"><a class=\"wp-block-button__link has-text-color has-link-color wp-element-button\" href=\"https:\/\/www.xn--berleben-als-bersetzer-rlcn.de\/produkt\/erfolgreich-freiberuflich-uebersetzen-als-pdf\/\" style=\"color:#566747\" target=\"_blank\" rel=\"noreferrer noopener\">Link zur PDF-version<\/a><\/div>\n<\/div>\n\n\n\n<div style=\"height:10px\" aria-hidden=\"true\" class=\"wp-block-spacer\"><\/div>\n<\/div>\n<\/div>\n\n\n\n<hr class=\"wp-block-separator has-text-color has-alpha-channel-opacity has-background\" style=\"background-color:#556646c7;color:#556646c7\"\/>\n\n\n\n<div class=\"wp-block-columns is-layout-flex wp-container-core-columns-is-layout-9d6595d7 wp-block-columns-is-layout-flex\">\n<div class=\"wp-block-column is-layout-flow wp-block-column-is-layout-flow\" style=\"flex-basis:60%\">\n<h3 class=\"wp-block-heading\">Apostillen und Legalisationen<\/h3>\n\n\n\n<p>Diesen Wegweiser zum Thema Unteschriftsbeglaubigung f\u00fcr Notariate und Rechtsanwaltskanzleien habe ich gemeinsam mit&nbsp;<a href=\"http:\/\/www.elenasotres.eu\/\" target=\"_blank\" rel=\"noreferrer noopener\">Elena Sotres Zapatero<\/a>, Juristische Fach\u00fcbersetzerin, Dipl. Univ. Volkswirtschaftslehre und Rechtswissenschaften, in der&nbsp;<a href=\"https:\/\/www.facebook.com\/hashtag\/neuenjuristischenwochenzeitschrift?__eep__=6&amp;__cft__[0]=AZUyEWQcwrdTcaAZBIJpd5KDn5HyRS4Ogfw9Nd46R1HZxhRWH5Zr0_0LMcTkk9rCTIivk4K_NtV3blwamanh1Gei_AyYurWFYxnvO7_YiRAwhEZaBtNPJFDAHL69AMaDRPcAZZ_rJBSojMbOVFBzDCGTHG9A1e0W_MR-fSXRmWQ-sA&amp;__tn__=*NK-y-R\" target=\"_blank\" rel=\"noreferrer noopener\">Neuen Juristischen Wochenzeitschrift<\/a>&nbsp;des Verlags C.H.BECK oHG ver\u00f6ffentlicht. In diesem Artikel geben wir Rechtsanw\u00e4lten und Notaren einen praktischen Wegweiser an die Hand, um sich im Dschungel der Unterschriftsbeglaubigungen f\u00fcr die Vorlage von Urkunden im Ausland zurecht zu finden.<\/p>\n\n\n\n<div class=\"wp-block-buttons is-layout-flex wp-block-buttons-is-layout-flex\">\n<div class=\"wp-block-button has-custom-width wp-block-button__width-100 is-style-outline is-style-outline--4\"><a class=\"wp-block-button__link has-text-color has-link-color wp-element-button\" href=\"https:\/\/sarah-schneider-sprachdienste.de\/apostillen-und-legalisationen\/\" style=\"color:#566747\" target=\"_blank\" rel=\"noreferrer noopener\">zum Artikel<\/a><\/div>\n<\/div>\n<\/div>\n\n\n\n<div class=\"wp-block-column is-layout-flow wp-block-column-is-layout-flow\" style=\"flex-basis:40%\">\n<figure class=\"wp-block-image size-full is-resized\"><a href=\"https:\/\/sarah-schneider-sprachdienste.de\/apostillen-und-legalisationen\/\"><img decoding=\"async\" width=\"800\" height=\"800\" data-src=\"https:\/\/sarah-schneider-sprachdienste.de\/wp-content\/uploads\/NJW-mit-Fotos.jpg\" alt=\"\" class=\"wp-image-899 lazyload\" style=\"--smush-placeholder-width: 800px; --smush-placeholder-aspect-ratio: 800\/800;width:366px;height:auto\" data-srcset=\"https:\/\/sarah-schneider-sprachdienste.de\/wp-content\/uploads\/NJW-mit-Fotos.jpg 800w, https:\/\/sarah-schneider-sprachdienste.de\/wp-content\/uploads\/NJW-mit-Fotos-300x300.jpg 300w, https:\/\/sarah-schneider-sprachdienste.de\/wp-content\/uploads\/NJW-mit-Fotos-150x150.jpg 150w, https:\/\/sarah-schneider-sprachdienste.de\/wp-content\/uploads\/NJW-mit-Fotos-768x768.jpg 768w, https:\/\/sarah-schneider-sprachdienste.de\/wp-content\/uploads\/NJW-mit-Fotos-600x600.jpg 600w\" data-sizes=\"(max-width: 800px) 100vw, 800px\" src=\"data:image\/svg+xml;base64,PHN2ZyB3aWR0aD0iMSIgaGVpZ2h0PSIxIiB4bWxucz0iaHR0cDovL3d3dy53My5vcmcvMjAwMC9zdmciPjwvc3ZnPg==\" \/><\/a><\/figure>\n<\/div>\n<\/div>\n\n\n\n<hr class=\"wp-block-separator has-text-color has-alpha-channel-opacity has-background\" style=\"background-color:#556646c7;color:#556646c7\"\/>\n\n\n\n<div class=\"wp-block-columns is-layout-flex wp-container-core-columns-is-layout-9d6595d7 wp-block-columns-is-layout-flex\">\n<div class=\"wp-block-column is-layout-flow wp-block-column-is-layout-flow\" style=\"flex-basis:60%\">\n<h3 class=\"wp-block-heading\">Arbeitsmigrationspolitik. Fallstudienreihe Kanada <\/h3>\n\n\n\n<p>Picum 2023. \u00dcbersetzung aus dem Englischen von Sarah Schneider<\/p>\n<\/div>\n\n\n\n<div class=\"wp-block-column is-layout-flow wp-block-column-is-layout-flow\" style=\"flex-basis:40%\">\n<div class=\"wp-block-buttons is-layout-flex wp-block-buttons-is-layout-flex\">\n<div class=\"wp-block-button has-custom-width wp-block-button__width-100 is-style-outline is-style-outline--5\"><a class=\"wp-block-button__link has-text-color has-link-color wp-element-button\" href=\"https:\/\/picum.org\/wp-content\/uploads\/2023\/10\/Labour-Migration-Policies-Case-Study-Series-Canada-DE.pdf\" style=\"color:#566747\" target=\"_blank\" rel=\"noreferrer noopener\">zum Artikel<\/a><\/div>\n<\/div>\n<\/div>\n<\/div>\n\n\n\n<hr class=\"wp-block-separator has-text-color has-alpha-channel-opacity has-background\" style=\"background-color:#556646c7;color:#556646c7\"\/>\n\n\n\n<div class=\"wp-block-columns is-layout-flex wp-container-core-columns-is-layout-9d6595d7 wp-block-columns-is-layout-flex\">\n<div class=\"wp-block-column is-layout-flow wp-block-column-is-layout-flow\" style=\"flex-basis:60%\">\n<h3 class=\"wp-block-heading\">Zugang zu fr\u00fchkindlicher Betreuung, Bildung und Erziehung f\u00fcr undokumentierte Kinder und Familien. <\/h3>\n\n\n\n<p>Picum 2023. \u00dcbersetzung aus dem Englischen von Sarah Schneider<\/p>\n<\/div>\n\n\n\n<div class=\"wp-block-column is-layout-flow wp-block-column-is-layout-flow\" style=\"flex-basis:40%\">\n<div class=\"wp-block-buttons is-layout-flex wp-block-buttons-is-layout-flex\">\n<div class=\"wp-block-button has-custom-width wp-block-button__width-100 is-style-outline is-style-outline--6\"><a class=\"wp-block-button__link has-text-color has-link-color wp-element-button\" href=\"https:\/\/picum.org\/wp-content\/uploads\/2024\/02\/Access-to-Early-Childhood-Education-and-Care-for-Undocumented-Children-and-Families_DE.pdf\" style=\"color:#566747\" target=\"_blank\" rel=\"noreferrer noopener\">zum Artikel<\/a><\/div>\n<\/div>\n<\/div>\n<\/div>\n\n\n\n<hr class=\"wp-block-separator has-text-color has-alpha-channel-opacity has-background\" style=\"background-color:#556646c7;color:#556646c7\"\/>\n\n\n\n<div class=\"wp-block-columns is-layout-flex wp-container-core-columns-is-layout-9d6595d7 wp-block-columns-is-layout-flex\">\n<div class=\"wp-block-column is-layout-flow wp-block-column-is-layout-flow\">\n<h3 class=\"wp-block-heading\">Bericht Afghanistan. Ein Review der Evaluierungsarbeit zur deutschen<\/h3>\n\n\n\n<p>Entwicklungszusammenarbeit in Afghanistan, 2014. DEval 2014. \u00dcbersetzung aus dem Englischen von Sarah Schneider.<\/p>\n<\/div>\n\n\n\n<div class=\"wp-block-column is-layout-flow wp-block-column-is-layout-flow\">\n<div class=\"wp-block-buttons is-layout-flex wp-block-buttons-is-layout-flex\">\n<div class=\"wp-block-button has-custom-width wp-block-button__width-100 is-style-outline is-style-outline--7\"><a class=\"wp-block-button__link has-text-color has-link-color wp-element-button\" href=\"https:\/\/www.deval.org\/fileadmin\/Redaktion\/PDF\/05-Publikationen\/Berichte\/2014_Afghanistan\/Afghanistan_2014_DE.pdf\" style=\"color:#566747\" target=\"_blank\" rel=\"noreferrer noopener\">zum Artikel<\/a><\/div>\n<\/div>\n<\/div>\n<\/div>\n","protected":false},"excerpt":{"rendered":"<p>Publicaciones 2024 Publikation meines Kapitels \u201eGesch\u00e4ftsmodell Urkunden\u00fcbersetzen\u201c Im Buch erfolgreich freiberuflich \u00fcbersetzen: Ein umfassender Ratgeber, Paperback \u2013 28 Nov. 2023, Miriam Neidhardt et. al. Apostillen und Legalisationen Diesen Wegweiser zum Thema Unteschriftsbeglaubigung f\u00fcr Notariate und Rechtsanwaltskanzleien habe ich gemeinsam mit&nbsp;Elena Sotres Zapatero, Juristische Fach\u00fcbersetzerin, Dipl. Univ. Volkswirtschaftslehre und Rechtswissenschaften, in der&nbsp;Neuen Juristischen Wochenzeitschrift&nbsp;des Verlags C.H.BECK [&hellip;]<\/p>\n","protected":false},"author":2,"featured_media":0,"parent":0,"menu_order":0,"comment_status":"closed","ping_status":"closed","template":"","meta":{"footnotes":""},"class_list":["post-26923","page","type-page","status-publish","hentry"],"yoast_head":"<!-- This site is optimized with the Yoast SEO plugin v27.4 - https:\/\/yoast.com\/product\/yoast-seo-wordpress\/ -->\n<title>Ver\u00f6ffentlichungen - Sarah Schneider Sprachdienste - Servicios Ling\u00fc\u00edsticos<\/title>\n<meta name=\"robots\" content=\"index, follow, max-snippet:-1, max-image-preview:large, max-video-preview:-1\" \/>\n<link rel=\"canonical\" href=\"https:\/\/sarah-schneider-sprachdienste.de\/es\/veroeffentlichungen\/\" \/>\n<meta property=\"og:locale\" content=\"es_ES\" \/>\n<meta property=\"og:type\" content=\"article\" \/>\n<meta property=\"og:title\" content=\"Ver\u00f6ffentlichungen - Sarah Schneider Sprachdienste - Servicios Ling\u00fc\u00edsticos\" \/>\n<meta property=\"og:description\" content=\"Publicaciones 2024 Publikation meines Kapitels \u201eGesch\u00e4ftsmodell Urkunden\u00fcbersetzen\u201c Im Buch erfolgreich freiberuflich \u00fcbersetzen: Ein umfassender Ratgeber, Paperback \u2013 28 Nov. 2023, Miriam Neidhardt et. al. Apostillen und Legalisationen Diesen Wegweiser zum Thema Unteschriftsbeglaubigung f\u00fcr Notariate und Rechtsanwaltskanzleien habe ich gemeinsam mit&nbsp;Elena Sotres Zapatero, Juristische Fach\u00fcbersetzerin, Dipl. Univ. Volkswirtschaftslehre und Rechtswissenschaften, in der&nbsp;Neuen Juristischen Wochenzeitschrift&nbsp;des Verlags C.H.BECK [&hellip;]\" \/>\n<meta property=\"og:url\" content=\"https:\/\/sarah-schneider-sprachdienste.de\/es\/veroeffentlichungen\/\" \/>\n<meta property=\"og:site_name\" content=\"Sarah Schneider Sprachdienste - Servicios Ling\u00fc\u00edsticos\" \/>\n<meta property=\"article:modified_time\" content=\"2024-05-22T15:26:27+00:00\" \/>\n<meta property=\"og:image\" content=\"https:\/\/sarah-schneider-sprachdienste.de\/wp-content\/uploads\/EFU-Cover-1024x734.png\" \/>\n<meta name=\"twitter:card\" content=\"summary_large_image\" \/>\n<meta name=\"twitter:label1\" content=\"Tiempo de lectura\" \/>\n\t<meta name=\"twitter:data1\" content=\"2 minutos\" \/>\n<script type=\"application\/ld+json\" class=\"yoast-schema-graph\">{\"@context\":\"https:\\\/\\\/schema.org\",\"@graph\":[{\"@type\":\"WebPage\",\"@id\":\"https:\\\/\\\/sarah-schneider-sprachdienste.de\\\/es\\\/veroeffentlichungen\\\/\",\"url\":\"https:\\\/\\\/sarah-schneider-sprachdienste.de\\\/es\\\/veroeffentlichungen\\\/\",\"name\":\"Ver\u00f6ffentlichungen - Sarah Schneider Sprachdienste - Servicios Ling\u00fc\u00edsticos\",\"isPartOf\":{\"@id\":\"https:\\\/\\\/sarah-schneider-sprachdienste.de\\\/es\\\/#website\"},\"primaryImageOfPage\":{\"@id\":\"https:\\\/\\\/sarah-schneider-sprachdienste.de\\\/es\\\/veroeffentlichungen\\\/#primaryimage\"},\"image\":{\"@id\":\"https:\\\/\\\/sarah-schneider-sprachdienste.de\\\/es\\\/veroeffentlichungen\\\/#primaryimage\"},\"thumbnailUrl\":\"https:\\\/\\\/sarah-schneider-sprachdienste.de\\\/wp-content\\\/uploads\\\/EFU-Cover-1024x734.png\",\"datePublished\":\"2024-04-03T12:59:19+00:00\",\"dateModified\":\"2024-05-22T15:26:27+00:00\",\"breadcrumb\":{\"@id\":\"https:\\\/\\\/sarah-schneider-sprachdienste.de\\\/es\\\/veroeffentlichungen\\\/#breadcrumb\"},\"inLanguage\":\"es\",\"potentialAction\":[{\"@type\":\"ReadAction\",\"target\":[\"https:\\\/\\\/sarah-schneider-sprachdienste.de\\\/es\\\/veroeffentlichungen\\\/\"]}]},{\"@type\":\"ImageObject\",\"inLanguage\":\"es\",\"@id\":\"https:\\\/\\\/sarah-schneider-sprachdienste.de\\\/es\\\/veroeffentlichungen\\\/#primaryimage\",\"url\":\"https:\\\/\\\/sarah-schneider-sprachdienste.de\\\/wp-content\\\/uploads\\\/EFU-Cover-1024x734.png\",\"contentUrl\":\"https:\\\/\\\/sarah-schneider-sprachdienste.de\\\/wp-content\\\/uploads\\\/EFU-Cover-1024x734.png\"},{\"@type\":\"BreadcrumbList\",\"@id\":\"https:\\\/\\\/sarah-schneider-sprachdienste.de\\\/es\\\/veroeffentlichungen\\\/#breadcrumb\",\"itemListElement\":[{\"@type\":\"ListItem\",\"position\":1,\"name\":\"Portada\",\"item\":\"https:\\\/\\\/sarah-schneider-sprachdienste.de\\\/es\\\/\"},{\"@type\":\"ListItem\",\"position\":2,\"name\":\"Ver\u00f6ffentlichungen\"}]},{\"@type\":\"WebSite\",\"@id\":\"https:\\\/\\\/sarah-schneider-sprachdienste.de\\\/es\\\/#website\",\"url\":\"https:\\\/\\\/sarah-schneider-sprachdienste.de\\\/es\\\/\",\"name\":\"Sarah Schneider Sprachdienste - Servicios Ling\u00fc\u00edsticos\",\"description\":\"\",\"publisher\":{\"@id\":\"https:\\\/\\\/sarah-schneider-sprachdienste.de\\\/es\\\/#organization\"},\"potentialAction\":[{\"@type\":\"SearchAction\",\"target\":{\"@type\":\"EntryPoint\",\"urlTemplate\":\"https:\\\/\\\/sarah-schneider-sprachdienste.de\\\/es\\\/?s={search_term_string}\"},\"query-input\":{\"@type\":\"PropertyValueSpecification\",\"valueRequired\":true,\"valueName\":\"search_term_string\"}}],\"inLanguage\":\"es\"},{\"@type\":\"Organization\",\"@id\":\"https:\\\/\\\/sarah-schneider-sprachdienste.de\\\/es\\\/#organization\",\"name\":\"Sarah Schneider Sprachdienste\",\"alternateName\":\"sprachdienste\",\"url\":\"https:\\\/\\\/sarah-schneider-sprachdienste.de\\\/es\\\/\",\"logo\":{\"@type\":\"ImageObject\",\"inLanguage\":\"es\",\"@id\":\"https:\\\/\\\/sarah-schneider-sprachdienste.de\\\/es\\\/#\\\/schema\\\/logo\\\/image\\\/\",\"url\":\"https:\\\/\\\/sarah-schneider-sprachdienste.de\\\/wp-content\\\/uploads\\\/logo-alem_C3_A1-optimizado.png\",\"contentUrl\":\"https:\\\/\\\/sarah-schneider-sprachdienste.de\\\/wp-content\\\/uploads\\\/logo-alem_C3_A1-optimizado.png\",\"width\":636,\"height\":244,\"caption\":\"Sarah Schneider Sprachdienste\"},\"image\":{\"@id\":\"https:\\\/\\\/sarah-schneider-sprachdienste.de\\\/es\\\/#\\\/schema\\\/logo\\\/image\\\/\"}}]}<\/script>\n<!-- \/ Yoast SEO plugin. -->","yoast_head_json":{"title":"Ver\u00f6ffentlichungen - Sarah Schneider Sprachdienste - Servicios Ling\u00fc\u00edsticos","robots":{"index":"index","follow":"follow","max-snippet":"max-snippet:-1","max-image-preview":"max-image-preview:large","max-video-preview":"max-video-preview:-1"},"canonical":"https:\/\/sarah-schneider-sprachdienste.de\/es\/veroeffentlichungen\/","og_locale":"es_ES","og_type":"article","og_title":"Ver\u00f6ffentlichungen - Sarah Schneider Sprachdienste - Servicios Ling\u00fc\u00edsticos","og_description":"Publicaciones 2024 Publikation meines Kapitels \u201eGesch\u00e4ftsmodell Urkunden\u00fcbersetzen\u201c Im Buch erfolgreich freiberuflich \u00fcbersetzen: Ein umfassender Ratgeber, Paperback \u2013 28 Nov. 2023, Miriam Neidhardt et. al. Apostillen und Legalisationen Diesen Wegweiser zum Thema Unteschriftsbeglaubigung f\u00fcr Notariate und Rechtsanwaltskanzleien habe ich gemeinsam mit&nbsp;Elena Sotres Zapatero, Juristische Fach\u00fcbersetzerin, Dipl. Univ. Volkswirtschaftslehre und Rechtswissenschaften, in der&nbsp;Neuen Juristischen Wochenzeitschrift&nbsp;des Verlags C.H.BECK [&hellip;]","og_url":"https:\/\/sarah-schneider-sprachdienste.de\/es\/veroeffentlichungen\/","og_site_name":"Sarah Schneider Sprachdienste - Servicios Ling\u00fc\u00edsticos","article_modified_time":"2024-05-22T15:26:27+00:00","og_image":[{"url":"https:\/\/sarah-schneider-sprachdienste.de\/wp-content\/uploads\/EFU-Cover-1024x734.png","type":"","width":"","height":""}],"twitter_card":"summary_large_image","twitter_misc":{"Tiempo de lectura":"2 minutos"},"schema":{"@context":"https:\/\/schema.org","@graph":[{"@type":"WebPage","@id":"https:\/\/sarah-schneider-sprachdienste.de\/es\/veroeffentlichungen\/","url":"https:\/\/sarah-schneider-sprachdienste.de\/es\/veroeffentlichungen\/","name":"Ver\u00f6ffentlichungen - Sarah Schneider Sprachdienste - Servicios Ling\u00fc\u00edsticos","isPartOf":{"@id":"https:\/\/sarah-schneider-sprachdienste.de\/es\/#website"},"primaryImageOfPage":{"@id":"https:\/\/sarah-schneider-sprachdienste.de\/es\/veroeffentlichungen\/#primaryimage"},"image":{"@id":"https:\/\/sarah-schneider-sprachdienste.de\/es\/veroeffentlichungen\/#primaryimage"},"thumbnailUrl":"https:\/\/sarah-schneider-sprachdienste.de\/wp-content\/uploads\/EFU-Cover-1024x734.png","datePublished":"2024-04-03T12:59:19+00:00","dateModified":"2024-05-22T15:26:27+00:00","breadcrumb":{"@id":"https:\/\/sarah-schneider-sprachdienste.de\/es\/veroeffentlichungen\/#breadcrumb"},"inLanguage":"es","potentialAction":[{"@type":"ReadAction","target":["https:\/\/sarah-schneider-sprachdienste.de\/es\/veroeffentlichungen\/"]}]},{"@type":"ImageObject","inLanguage":"es","@id":"https:\/\/sarah-schneider-sprachdienste.de\/es\/veroeffentlichungen\/#primaryimage","url":"https:\/\/sarah-schneider-sprachdienste.de\/wp-content\/uploads\/EFU-Cover-1024x734.png","contentUrl":"https:\/\/sarah-schneider-sprachdienste.de\/wp-content\/uploads\/EFU-Cover-1024x734.png"},{"@type":"BreadcrumbList","@id":"https:\/\/sarah-schneider-sprachdienste.de\/es\/veroeffentlichungen\/#breadcrumb","itemListElement":[{"@type":"ListItem","position":1,"name":"Portada","item":"https:\/\/sarah-schneider-sprachdienste.de\/es\/"},{"@type":"ListItem","position":2,"name":"Ver\u00f6ffentlichungen"}]},{"@type":"WebSite","@id":"https:\/\/sarah-schneider-sprachdienste.de\/es\/#website","url":"https:\/\/sarah-schneider-sprachdienste.de\/es\/","name":"Sarah Schneider Sprachdienste - Servicios Ling\u00fc\u00edsticos","description":"","publisher":{"@id":"https:\/\/sarah-schneider-sprachdienste.de\/es\/#organization"},"potentialAction":[{"@type":"SearchAction","target":{"@type":"EntryPoint","urlTemplate":"https:\/\/sarah-schneider-sprachdienste.de\/es\/?s={search_term_string}"},"query-input":{"@type":"PropertyValueSpecification","valueRequired":true,"valueName":"search_term_string"}}],"inLanguage":"es"},{"@type":"Organization","@id":"https:\/\/sarah-schneider-sprachdienste.de\/es\/#organization","name":"Sarah Schneider Sprachdienste","alternateName":"sprachdienste","url":"https:\/\/sarah-schneider-sprachdienste.de\/es\/","logo":{"@type":"ImageObject","inLanguage":"es","@id":"https:\/\/sarah-schneider-sprachdienste.de\/es\/#\/schema\/logo\/image\/","url":"https:\/\/sarah-schneider-sprachdienste.de\/wp-content\/uploads\/logo-alem_C3_A1-optimizado.png","contentUrl":"https:\/\/sarah-schneider-sprachdienste.de\/wp-content\/uploads\/logo-alem_C3_A1-optimizado.png","width":636,"height":244,"caption":"Sarah Schneider Sprachdienste"},"image":{"@id":"https:\/\/sarah-schneider-sprachdienste.de\/es\/#\/schema\/logo\/image\/"}}]}},"_links":{"self":[{"href":"https:\/\/sarah-schneider-sprachdienste.de\/es\/wp-json\/wp\/v2\/pages\/26923","targetHints":{"allow":["GET"]}}],"collection":[{"href":"https:\/\/sarah-schneider-sprachdienste.de\/es\/wp-json\/wp\/v2\/pages"}],"about":[{"href":"https:\/\/sarah-schneider-sprachdienste.de\/es\/wp-json\/wp\/v2\/types\/page"}],"author":[{"embeddable":true,"href":"https:\/\/sarah-schneider-sprachdienste.de\/es\/wp-json\/wp\/v2\/users\/2"}],"replies":[{"embeddable":true,"href":"https:\/\/sarah-schneider-sprachdienste.de\/es\/wp-json\/wp\/v2\/comments?post=26923"}],"version-history":[{"count":5,"href":"https:\/\/sarah-schneider-sprachdienste.de\/es\/wp-json\/wp\/v2\/pages\/26923\/revisions"}],"predecessor-version":[{"id":26942,"href":"https:\/\/sarah-schneider-sprachdienste.de\/es\/wp-json\/wp\/v2\/pages\/26923\/revisions\/26942"}],"wp:attachment":[{"href":"https:\/\/sarah-schneider-sprachdienste.de\/es\/wp-json\/wp\/v2\/media?parent=26923"}],"curies":[{"name":"wp","href":"https:\/\/api.w.org\/{rel}","templated":true}]}}