{"id":27140,"date":"2024-10-08T10:56:34","date_gmt":"2024-10-08T10:56:34","guid":{"rendered":"https:\/\/sarah-schneider-sprachdienste.de\/?page_id=27140"},"modified":"2025-04-15T15:49:18","modified_gmt":"2025-04-15T15:49:18","slug":"cooperacion-al-desarrollo","status":"publish","type":"page","link":"https:\/\/sarah-schneider-sprachdienste.de\/es\/cooperacion-al-desarrollo\/","title":{"rendered":"Cooperaci\u00f3n al desarrollo"},"content":{"rendered":"\n<div style=\"height:50px\" aria-hidden=\"true\" class=\"wp-block-spacer\"><\/div>\n\n\n\n<h1 class=\"wp-block-heading has-text-align-center\">Specialist translations English &gt; German and Spanish &gt; German in the development cooperation specialist area<\/h1>\n\n\n\n<p><\/p>\n\n\n\n<p>For many years, I have been specialised in <strong>specialist translations<\/strong> in the field of <strong>development cooperation (<em>cooperaci\u00f3n al desarrollo, Entwicklungszusammenarbeit<\/em>).<\/strong> Since 2012, I have regularly been translating <strong>applications for support funds<\/strong> (<em>proposals <\/em>for regional projects, project outlines), addressed to the <strong>Federal Ministry for Economic Cooperation and Development<\/strong> (BMZ) or the <strong>Federal Foreign Office<\/strong> (AA), <strong>evaluation reports, monitoring reports, final reports<\/strong> on sponsored projects, <strong>intermediate evidence, intermediate reports, use evidence, narratives, annual reports, evidence of figures<\/strong> and many more. I am familiar with the various <strong>application forms<\/strong> (AA, BMZ, bengo, etc.) and the specific terminology of the various recipients (AA, BMZ), which differs to a certain extent between the different entities. I am also up to speed with the respective terminological source (for example for the <a href=\"https:\/\/www.auswaertiges-amt.de\/resource\/blob\/2672932\/fef4c5f5a3e45433d68287e91e67f582\/2024-strategie-huhi-data.pdf\" target=\"_blank\" rel=\"noreferrer noopener nofollow\">AA<\/a>) and know how to use them.<\/p>\n\n\n\n<p>I work with the <strong>relevant terminological sources<\/strong>, for example:<\/p>\n\n\n\n<p><strong>OECD-DAC Glossary<\/strong> (<a href=\"https:\/\/www.oecd.org\/dac\/evaluation\/dcdndep\/43184177.pdf\">Glossary of Key Terms in Evaluation and Results-Based Management<\/a>)<\/p>\n\n\n\n<p><strong>Glossary re. terminology of the ECHR<\/strong> (<a href=\"https:\/\/www.coe.int\/en\/web\/portal\/glossar\">Europ. Court of Human Rights<\/a>)<br><br>Moreover, I work according to the specifications of the <strong>OECD Style Guide<\/strong> [<a href=\"https:\/\/www.oecd-ilibrary.org\/economics\/oecd-style-guide_9789264243439-en\">OECD Style Guide : Third Edition | OECD iLibrary (oecd-ilibrary.org)<\/a>] or by all means according to my customers\u2019 specifications. In this context, I am happy to refer to <strong>glossaries, word lists, specifications on gendered language or on handling abbreviations,<\/strong> etc.<br>To ensure that my customers\u2019 texts are <strong>always translated consistently in terms of style and terminology,<\/strong> I maintain my own, software-supported <strong>terminology databases <\/strong>and <strong>style guides<\/strong> for each of my customers.&nbsp;<\/p>\n\n\n\n<p>Moreover, I regularly work on translations from the field of <strong>migration into the European Union<\/strong>, i.e. from the areas of EU politics and EU law.&nbsp;<\/p>\n\n\n\n<p>If you visit the &#8216;<strong>Publications<\/strong>\u2019 area [enlace a publicaciones] on my website, you will find an <strong>excerpt of my work<\/strong> for various customers; this involves assignments for <strong>institutions of the German confederation and renowned NGOs<\/strong>.&nbsp;<\/p>\n\n\n\n<p><strong>Examples of particular difficulties for specialist translations in the field of development cooperation<\/strong><\/p>\n\n\n\n<ul class=\"wp-block-list\">\n<li>Both source texts and texts in the target language tend towards strongly using the passive voice, meaning that the text is difficult to read.<\/li>\n\n\n\n<li>English language source texts are sometimes not composed by native speakers and contain interferences from each native language, grammatical and spelling errors, reference errors or are difficult to understand.<\/li>\n\n\n\n<li>Sometimes, the texts are not consistent in their use of gendered language, use overly gendered language or different types of gendered language are used within the same text.<\/li>\n\n\n\n<li>English texts frequently tend to use a number of abbreviations, which is difficult to read in German. This can be counteracted by reducing the abbreviations to a minimum with a one-off explanation the first time that they are used, or by adding a legend of abbreviations.<\/li>\n\n\n\n<li>Tense errors: English texts frequently use the future tense. German tends to use future tense rather rarely, in fact using time markers such as \u2018in a next step\u2019, \u2018in future\u2019, \u2018soon\u2019.<\/li>\n\n\n\n<li>The specialist terminology may differ depending on the Office\/Ministry to which the application is addressed. This is the case for the AA and BMZ, for example.<\/li>\n\n\n\n<li>NGOs often have in-house terminology lists which have to be observed, increasing the work involved.<\/li>\n\n\n\n<li>EU: When it comes to quotations in foreign languages, the official German translations need to be researched and added in.<\/li>\n\n\n\n<li>EU: Links to the wording of legal acts, regulations, etc. must be adjusted appropriately so that they link to the German language version.<\/li>\n<\/ul>\n\n\n\n<p>Would you like a quote for a translation from English or Spanish into German in the field of development cooperation? I would be happy to help you:<\/p>\n\n\n\n<div class=\"wp-block-buttons is-content-justification-center is-layout-flex wp-container-core-buttons-is-layout-16018d1d wp-block-buttons-is-layout-flex\">\n<div class=\"wp-block-button has-custom-width wp-block-button__width-50\"><a class=\"wp-block-button__link has-white-color has-text-color has-background has-link-color wp-element-button\" href=\"https:\/\/sarah-schneider-sprachdienste.de\/es\/contacto\/\" style=\"background-color:#556646\">Contact Form<\/a><\/div>\n<\/div>\n\n\n\n<p><\/p>\n","protected":false},"excerpt":{"rendered":"<p>Specialist translations English &gt; German and Spanish &gt; German in the development cooperation specialist area For many years, I have been specialised in specialist translations in the field of development cooperation (cooperaci\u00f3n al desarrollo, Entwicklungszusammenarbeit). Since 2012, I have regularly been translating applications for support funds (proposals for regional projects, project outlines), addressed to the [&hellip;]<\/p>\n","protected":false},"author":2,"featured_media":0,"parent":0,"menu_order":0,"comment_status":"closed","ping_status":"closed","template":"","meta":{"footnotes":""},"class_list":["post-27140","page","type-page","status-publish","hentry"],"yoast_head":"<!-- This site is optimized with the Yoast SEO plugin v27.4 - https:\/\/yoast.com\/product\/yoast-seo-wordpress\/ -->\n<title>Cooperaci\u00f3n al desarrollo - Sarah Schneider Sprachdienste - Servicios Ling\u00fc\u00edsticos<\/title>\n<meta name=\"robots\" content=\"index, follow, max-snippet:-1, max-image-preview:large, max-video-preview:-1\" \/>\n<link rel=\"canonical\" href=\"https:\/\/sarah-schneider-sprachdienste.de\/es\/cooperacion-al-desarrollo\/\" \/>\n<meta property=\"og:locale\" content=\"es_ES\" \/>\n<meta property=\"og:type\" content=\"article\" \/>\n<meta property=\"og:title\" content=\"Cooperaci\u00f3n al desarrollo - Sarah Schneider Sprachdienste - Servicios Ling\u00fc\u00edsticos\" \/>\n<meta property=\"og:description\" content=\"Specialist translations English &gt; German and Spanish &gt; German in the development cooperation specialist area For many years, I have been specialised in specialist translations in the field of development cooperation (cooperaci\u00f3n al desarrollo, Entwicklungszusammenarbeit). Since 2012, I have regularly been translating applications for support funds (proposals for regional projects, project outlines), addressed to the [&hellip;]\" \/>\n<meta property=\"og:url\" content=\"https:\/\/sarah-schneider-sprachdienste.de\/es\/cooperacion-al-desarrollo\/\" \/>\n<meta property=\"og:site_name\" content=\"Sarah Schneider Sprachdienste - Servicios Ling\u00fc\u00edsticos\" \/>\n<meta property=\"article:modified_time\" content=\"2025-04-15T15:49:18+00:00\" \/>\n<meta name=\"twitter:card\" content=\"summary_large_image\" \/>\n<meta name=\"twitter:label1\" content=\"Tiempo de lectura\" \/>\n\t<meta name=\"twitter:data1\" content=\"3 minutos\" \/>\n<script type=\"application\/ld+json\" class=\"yoast-schema-graph\">{\"@context\":\"https:\\\/\\\/schema.org\",\"@graph\":[{\"@type\":\"WebPage\",\"@id\":\"https:\\\/\\\/sarah-schneider-sprachdienste.de\\\/es\\\/cooperacion-al-desarrollo\\\/\",\"url\":\"https:\\\/\\\/sarah-schneider-sprachdienste.de\\\/es\\\/cooperacion-al-desarrollo\\\/\",\"name\":\"Cooperaci\u00f3n al desarrollo - Sarah Schneider Sprachdienste - Servicios Ling\u00fc\u00edsticos\",\"isPartOf\":{\"@id\":\"https:\\\/\\\/sarah-schneider-sprachdienste.de\\\/es\\\/#website\"},\"datePublished\":\"2024-10-08T10:56:34+00:00\",\"dateModified\":\"2025-04-15T15:49:18+00:00\",\"breadcrumb\":{\"@id\":\"https:\\\/\\\/sarah-schneider-sprachdienste.de\\\/es\\\/cooperacion-al-desarrollo\\\/#breadcrumb\"},\"inLanguage\":\"es\",\"potentialAction\":[{\"@type\":\"ReadAction\",\"target\":[\"https:\\\/\\\/sarah-schneider-sprachdienste.de\\\/es\\\/cooperacion-al-desarrollo\\\/\"]}]},{\"@type\":\"BreadcrumbList\",\"@id\":\"https:\\\/\\\/sarah-schneider-sprachdienste.de\\\/es\\\/cooperacion-al-desarrollo\\\/#breadcrumb\",\"itemListElement\":[{\"@type\":\"ListItem\",\"position\":1,\"name\":\"Portada\",\"item\":\"https:\\\/\\\/sarah-schneider-sprachdienste.de\\\/es\\\/\"},{\"@type\":\"ListItem\",\"position\":2,\"name\":\"Cooperaci\u00f3n al desarrollo\"}]},{\"@type\":\"WebSite\",\"@id\":\"https:\\\/\\\/sarah-schneider-sprachdienste.de\\\/es\\\/#website\",\"url\":\"https:\\\/\\\/sarah-schneider-sprachdienste.de\\\/es\\\/\",\"name\":\"Sarah Schneider Sprachdienste - Servicios Ling\u00fc\u00edsticos\",\"description\":\"\",\"publisher\":{\"@id\":\"https:\\\/\\\/sarah-schneider-sprachdienste.de\\\/es\\\/#organization\"},\"potentialAction\":[{\"@type\":\"SearchAction\",\"target\":{\"@type\":\"EntryPoint\",\"urlTemplate\":\"https:\\\/\\\/sarah-schneider-sprachdienste.de\\\/es\\\/?s={search_term_string}\"},\"query-input\":{\"@type\":\"PropertyValueSpecification\",\"valueRequired\":true,\"valueName\":\"search_term_string\"}}],\"inLanguage\":\"es\"},{\"@type\":\"Organization\",\"@id\":\"https:\\\/\\\/sarah-schneider-sprachdienste.de\\\/es\\\/#organization\",\"name\":\"Sarah Schneider Sprachdienste\",\"alternateName\":\"sprachdienste\",\"url\":\"https:\\\/\\\/sarah-schneider-sprachdienste.de\\\/es\\\/\",\"logo\":{\"@type\":\"ImageObject\",\"inLanguage\":\"es\",\"@id\":\"https:\\\/\\\/sarah-schneider-sprachdienste.de\\\/es\\\/#\\\/schema\\\/logo\\\/image\\\/\",\"url\":\"https:\\\/\\\/sarah-schneider-sprachdienste.de\\\/wp-content\\\/uploads\\\/logo-alem_C3_A1-optimizado.png\",\"contentUrl\":\"https:\\\/\\\/sarah-schneider-sprachdienste.de\\\/wp-content\\\/uploads\\\/logo-alem_C3_A1-optimizado.png\",\"width\":636,\"height\":244,\"caption\":\"Sarah Schneider Sprachdienste\"},\"image\":{\"@id\":\"https:\\\/\\\/sarah-schneider-sprachdienste.de\\\/es\\\/#\\\/schema\\\/logo\\\/image\\\/\"}}]}<\/script>\n<!-- \/ Yoast SEO plugin. -->","yoast_head_json":{"title":"Cooperaci\u00f3n al desarrollo - Sarah Schneider Sprachdienste - Servicios Ling\u00fc\u00edsticos","robots":{"index":"index","follow":"follow","max-snippet":"max-snippet:-1","max-image-preview":"max-image-preview:large","max-video-preview":"max-video-preview:-1"},"canonical":"https:\/\/sarah-schneider-sprachdienste.de\/es\/cooperacion-al-desarrollo\/","og_locale":"es_ES","og_type":"article","og_title":"Cooperaci\u00f3n al desarrollo - Sarah Schneider Sprachdienste - Servicios Ling\u00fc\u00edsticos","og_description":"Specialist translations English &gt; German and Spanish &gt; German in the development cooperation specialist area For many years, I have been specialised in specialist translations in the field of development cooperation (cooperaci\u00f3n al desarrollo, Entwicklungszusammenarbeit). Since 2012, I have regularly been translating applications for support funds (proposals for regional projects, project outlines), addressed to the [&hellip;]","og_url":"https:\/\/sarah-schneider-sprachdienste.de\/es\/cooperacion-al-desarrollo\/","og_site_name":"Sarah Schneider Sprachdienste - Servicios Ling\u00fc\u00edsticos","article_modified_time":"2025-04-15T15:49:18+00:00","twitter_card":"summary_large_image","twitter_misc":{"Tiempo de lectura":"3 minutos"},"schema":{"@context":"https:\/\/schema.org","@graph":[{"@type":"WebPage","@id":"https:\/\/sarah-schneider-sprachdienste.de\/es\/cooperacion-al-desarrollo\/","url":"https:\/\/sarah-schneider-sprachdienste.de\/es\/cooperacion-al-desarrollo\/","name":"Cooperaci\u00f3n al desarrollo - Sarah Schneider Sprachdienste - Servicios Ling\u00fc\u00edsticos","isPartOf":{"@id":"https:\/\/sarah-schneider-sprachdienste.de\/es\/#website"},"datePublished":"2024-10-08T10:56:34+00:00","dateModified":"2025-04-15T15:49:18+00:00","breadcrumb":{"@id":"https:\/\/sarah-schneider-sprachdienste.de\/es\/cooperacion-al-desarrollo\/#breadcrumb"},"inLanguage":"es","potentialAction":[{"@type":"ReadAction","target":["https:\/\/sarah-schneider-sprachdienste.de\/es\/cooperacion-al-desarrollo\/"]}]},{"@type":"BreadcrumbList","@id":"https:\/\/sarah-schneider-sprachdienste.de\/es\/cooperacion-al-desarrollo\/#breadcrumb","itemListElement":[{"@type":"ListItem","position":1,"name":"Portada","item":"https:\/\/sarah-schneider-sprachdienste.de\/es\/"},{"@type":"ListItem","position":2,"name":"Cooperaci\u00f3n al desarrollo"}]},{"@type":"WebSite","@id":"https:\/\/sarah-schneider-sprachdienste.de\/es\/#website","url":"https:\/\/sarah-schneider-sprachdienste.de\/es\/","name":"Sarah Schneider Sprachdienste - Servicios Ling\u00fc\u00edsticos","description":"","publisher":{"@id":"https:\/\/sarah-schneider-sprachdienste.de\/es\/#organization"},"potentialAction":[{"@type":"SearchAction","target":{"@type":"EntryPoint","urlTemplate":"https:\/\/sarah-schneider-sprachdienste.de\/es\/?s={search_term_string}"},"query-input":{"@type":"PropertyValueSpecification","valueRequired":true,"valueName":"search_term_string"}}],"inLanguage":"es"},{"@type":"Organization","@id":"https:\/\/sarah-schneider-sprachdienste.de\/es\/#organization","name":"Sarah Schneider Sprachdienste","alternateName":"sprachdienste","url":"https:\/\/sarah-schneider-sprachdienste.de\/es\/","logo":{"@type":"ImageObject","inLanguage":"es","@id":"https:\/\/sarah-schneider-sprachdienste.de\/es\/#\/schema\/logo\/image\/","url":"https:\/\/sarah-schneider-sprachdienste.de\/wp-content\/uploads\/logo-alem_C3_A1-optimizado.png","contentUrl":"https:\/\/sarah-schneider-sprachdienste.de\/wp-content\/uploads\/logo-alem_C3_A1-optimizado.png","width":636,"height":244,"caption":"Sarah Schneider Sprachdienste"},"image":{"@id":"https:\/\/sarah-schneider-sprachdienste.de\/es\/#\/schema\/logo\/image\/"}}]}},"_links":{"self":[{"href":"https:\/\/sarah-schneider-sprachdienste.de\/es\/wp-json\/wp\/v2\/pages\/27140","targetHints":{"allow":["GET"]}}],"collection":[{"href":"https:\/\/sarah-schneider-sprachdienste.de\/es\/wp-json\/wp\/v2\/pages"}],"about":[{"href":"https:\/\/sarah-schneider-sprachdienste.de\/es\/wp-json\/wp\/v2\/types\/page"}],"author":[{"embeddable":true,"href":"https:\/\/sarah-schneider-sprachdienste.de\/es\/wp-json\/wp\/v2\/users\/2"}],"replies":[{"embeddable":true,"href":"https:\/\/sarah-schneider-sprachdienste.de\/es\/wp-json\/wp\/v2\/comments?post=27140"}],"version-history":[{"count":5,"href":"https:\/\/sarah-schneider-sprachdienste.de\/es\/wp-json\/wp\/v2\/pages\/27140\/revisions"}],"predecessor-version":[{"id":27307,"href":"https:\/\/sarah-schneider-sprachdienste.de\/es\/wp-json\/wp\/v2\/pages\/27140\/revisions\/27307"}],"wp:attachment":[{"href":"https:\/\/sarah-schneider-sprachdienste.de\/es\/wp-json\/wp\/v2\/media?parent=27140"}],"curies":[{"name":"wp","href":"https:\/\/api.w.org\/{rel}","templated":true}]}}