{"id":9,"date":"2021-06-16T11:01:14","date_gmt":"2021-06-16T11:01:14","guid":{"rendered":"https:\/\/sarah-schneider-sprachdienste.de\/?page_id=9"},"modified":"2025-06-13T11:24:14","modified_gmt":"2025-06-13T11:24:14","slug":"traducciones-juradas","status":"publish","type":"page","link":"https:\/\/sarah-schneider-sprachdienste.de\/es\/","title":{"rendered":"Traducciones juradas ES&lt;>DE"},"content":{"rendered":"\n<div class=\"wp-block-columns verde-full has-text-color is-layout-flex wp-container-core-columns-is-layout-9d6595d7 wp-block-columns-is-layout-flex\" style=\"color:#566747\">\n<div class=\"wp-block-column verde-full is-layout-flow wp-block-column-is-layout-flow\">\n<div class=\"wp-block-buttons is-horizontal is-content-justification-center is-layout-flex wp-container-core-buttons-is-layout-499968f5 wp-block-buttons-is-layout-flex\">\n<div class=\"wp-block-button has-custom-width wp-block-button__width-75 is-style-outline is-style-outline--1\"><a class=\"wp-block-button__link has-text-color wp-element-button\" href=\"https:\/\/sarah-schneider-sprachdienste.de\/es\/solicitar-una-traduccion-jurada\/\" style=\"border-radius:8px;color:#566747\">Como encargar<\/a><\/div>\n<\/div>\n<\/div>\n<\/div>\n\n\n\n<div class=\"wp-block-columns verde-full is-layout-flex wp-container-core-columns-is-layout-9d6595d7 wp-block-columns-is-layout-flex\">\n<div class=\"wp-block-column is-layout-flow wp-block-column-is-layout-flow\" style=\"flex-basis:40%\"><div class=\"wp-block-image\">\n<figure class=\"alignright size-large\"><img decoding=\"async\" width=\"396\" height=\"472\" data-src=\"https:\/\/sarah-schneider-sprachdienste.de\/wp-content\/uploads\/sarah-portada-mas-chica-optimizado.jpg\" alt=\"Sarah Schneider \" class=\"wp-image-114 lazyload\" data-srcset=\"https:\/\/sarah-schneider-sprachdienste.de\/wp-content\/uploads\/sarah-portada-mas-chica-optimizado.jpg 396w, https:\/\/sarah-schneider-sprachdienste.de\/wp-content\/uploads\/sarah-portada-mas-chica-optimizado-252x300.jpg 252w\" data-sizes=\"(max-width: 396px) 100vw, 396px\" src=\"data:image\/svg+xml;base64,PHN2ZyB3aWR0aD0iMSIgaGVpZ2h0PSIxIiB4bWxucz0iaHR0cDovL3d3dy53My5vcmcvMjAwMC9zdmciPjwvc3ZnPg==\" style=\"--smush-placeholder-width: 396px; --smush-placeholder-aspect-ratio: 396\/472;\" \/><\/figure>\n<\/div><\/div>\n\n\n\n<div class=\"wp-block-column is-layout-flow wp-block-column-is-layout-flow\" style=\"flex-basis:60%\">\n<h2 class=\"wp-block-heading\">Su oficina de traducci\u00f3n alem\u00e1n \u2013 espa\u00f1ol \/ espa\u00f1ol \u2013 alem\u00e1n<\/h2>\n\n\n\n<p>\u00bfEst\u00e1 buscando un traductor jurado&nbsp;<strong>fiable y competente para sus traducciones del espa\u00f1ol al alem\u00e1n<\/strong>&nbsp;o viceversa? Entonces soy su persona de contacto. Como&nbsp;<strong>traductora habilitada por el Tribunal Superior<\/strong>&nbsp;<strong>de Colonia<\/strong>, le apoyar\u00e9 en&nbsp;<strong>la traducci\u00f3n oficial<\/strong>&nbsp;de sus documentos para&nbsp;<strong>las autoridades alemanas o los consulados y embajadas espa\u00f1oles y latinoamericanos.<\/strong>&nbsp;<strong>Mis traducciones juradas son reconocidas y aceptadas por las autoridades alemanas en toda Alemania<\/strong>, independientemente de donde se encuentre el Tribunal que me ha jurado para la lengua espa\u00f1ola. Adem\u00e1s, mi firma y mi sello han sido&nbsp;<strong>registrados en el Consulado de Espa\u00f1a en Berl\u00edn<\/strong>&nbsp;donde estoy <a href=\"https:\/\/www.exteriores.gob.es\/DocumentosAuxiliaresSC\/Alemania\/BERL%C3%8DN%20(E)\/TRADUCTORES.pdf\" target=\"_blank\" rel=\"noreferrer noopener\">inscrita como traductora jurada<\/a> para la combinaci\u00f3n de idiomas alem\u00e1n-espa\u00f1ol. Independientemente del tipo de documentos que desee traducir, puede confiar en mi experiencia y en la calidad de mis traducciones.<\/p>\n<\/div>\n<\/div>\n\n\n\n<div class=\"wp-block-columns verde-full is-layout-flex wp-container-core-columns-is-layout-9d6595d7 wp-block-columns-is-layout-flex\">\n<div class=\"wp-block-column is-layout-flow wp-block-column-is-layout-flow\" style=\"flex-basis:40%\"><div class=\"wp-block-image\">\n<figure class=\"alignright size-large\"><img decoding=\"async\" width=\"512\" height=\"512\" data-src=\"https:\/\/sarah-schneider-sprachdienste.de\/wp-content\/uploads\/translation-icono-portada.png\" alt=\"s\u00edmbolo traducci\u00f3n jurada \" class=\"wp-image-112 lazyload\" data-srcset=\"https:\/\/sarah-schneider-sprachdienste.de\/wp-content\/uploads\/translation-icono-portada.png 512w, https:\/\/sarah-schneider-sprachdienste.de\/wp-content\/uploads\/translation-icono-portada-300x300.png 300w, https:\/\/sarah-schneider-sprachdienste.de\/wp-content\/uploads\/translation-icono-portada-150x150.png 150w\" data-sizes=\"(max-width: 512px) 100vw, 512px\" src=\"data:image\/svg+xml;base64,PHN2ZyB3aWR0aD0iMSIgaGVpZ2h0PSIxIiB4bWxucz0iaHR0cDovL3d3dy53My5vcmcvMjAwMC9zdmciPjwvc3ZnPg==\" style=\"--smush-placeholder-width: 512px; --smush-placeholder-aspect-ratio: 512\/512;\" \/><\/figure>\n<\/div><\/div>\n\n\n\n<div class=\"wp-block-column is-layout-flow wp-block-column-is-layout-flow\" style=\"flex-basis:60%\">\n<h2 class=\"wp-block-heading\">Traducciones de documentos oficiales, certificados, actas y partidas<\/h2>\n\n\n\n<p>\u00bfBusca un traductor diplomado<strong>&nbsp;que pueda realizar traducciones certificadas o traducciones juradas de sus documentos oficiales en castellano?<\/strong>&nbsp;Se tratar\u00eda por ejemplo de<strong>&nbsp;un certificado de nacimiento<\/strong>,&nbsp;<strong>un certificado de matrimonio<\/strong>,&nbsp;<strong>un certificado de defunci\u00f3n<\/strong>,&nbsp;<strong>un certificado de divorcio<\/strong>,&nbsp;<strong>una inscripci\u00f3n en el registro<\/strong>, una&nbsp;<strong>sentencia<\/strong>,&nbsp;<strong>un certificado de residencia<\/strong>,&nbsp;<strong>un permiso de conducir<\/strong>,&nbsp;<strong>un certificado de antecedentes penales<\/strong>, o tambi\u00e9n,&nbsp;<strong>una declaraci\u00f3n de impuestos<\/strong>,&nbsp;<strong>un contrato<\/strong>,&nbsp;<strong>un poder<\/strong>,&nbsp;<strong>un certificado catastral o de inmueble,<\/strong>&nbsp;<strong>un certificado del registro de la propiedad<\/strong>&nbsp;o&nbsp;<strong>una escritura de compraventa de una vivienda.<\/strong>&nbsp;En mi reputada oficina de traducci\u00f3n en Berl\u00edn, mis compa\u00f1eros, todos traductores oficiales nativos, y yo trabajamos de forma r\u00e1pida y fiable en la traducci\u00f3n de sus documentos, incluso para documentos urgentes. Atendemos desde la capital a clientes&nbsp;<strong>en toda Alemania<\/strong>&nbsp;y nuestras traducciones&nbsp;<strong>son reconocidas por todas las autoridades alemanas<\/strong>.<\/p>\n\n\n\n<div class=\"wp-block-buttons is-horizontal is-content-justification-center is-layout-flex wp-container-core-buttons-is-layout-499968f5 wp-block-buttons-is-layout-flex\">\n<div class=\"wp-block-button has-custom-width wp-block-button__width-75 is-style-outline is-style-outline--2\"><a class=\"wp-block-button__link has-text-color wp-element-button\" href=\"https:\/\/sarah-schneider-sprachdienste.de\/es\/contacto\/\" style=\"border-radius:8px;color:#566747\">Contacto<\/a><\/div>\n<\/div>\n<\/div>\n<\/div>\n\n\n\n<div class=\"wp-block-group\"><div class=\"wp-block-group__inner-container is-layout-flow wp-block-group-is-layout-flow\"><\/div><\/div>\n\n\n\n<hr class=\"wp-block-separator has-text-color has-white-color has-css-opacity has-white-background-color has-background\"\/>\n\n\n\n<div class=\"wp-block-columns is-layout-flex wp-container-core-columns-is-layout-9d6595d7 wp-block-columns-is-layout-flex\">\n<div class=\"wp-block-column is-layout-flow wp-block-column-is-layout-flow\"><div class=\"wp-block-image\">\n<figure class=\"alignright size-large\"><img decoding=\"async\" width=\"361\" height=\"360\" data-src=\"https:\/\/sarah-schneider-sprachdienste.de\/wp-content\/uploads\/Stempel-spanisch.png\" alt=\"sello traductor oficial\" class=\"wp-image-110 lazyload\" data-srcset=\"https:\/\/sarah-schneider-sprachdienste.de\/wp-content\/uploads\/Stempel-spanisch.png 361w, https:\/\/sarah-schneider-sprachdienste.de\/wp-content\/uploads\/Stempel-spanisch-300x300.png 300w, https:\/\/sarah-schneider-sprachdienste.de\/wp-content\/uploads\/Stempel-spanisch-150x150.png 150w\" data-sizes=\"(max-width: 361px) 100vw, 361px\" src=\"data:image\/svg+xml;base64,PHN2ZyB3aWR0aD0iMSIgaGVpZ2h0PSIxIiB4bWxucz0iaHR0cDovL3d3dy53My5vcmcvMjAwMC9zdmciPjwvc3ZnPg==\" style=\"--smush-placeholder-width: 361px; --smush-placeholder-aspect-ratio: 361\/360;\" \/><\/figure>\n<\/div><\/div>\n\n\n\n<div class=\"wp-block-column is-layout-flow wp-block-column-is-layout-flow\">\n<h2 class=\"wp-block-heading\">Traducci\u00f3n jurada espa\u00f1ol \u2013 alem\u00e1n<\/h2>\n\n\n\n<p>Como&nbsp;<strong>traductora jurada oficial, habilitada por un Tribunal alem\u00e1n<\/strong>, le ofrezco un servicio ling\u00fc\u00edstico c\u00f3modo y profesional para la traducci\u00f3n de todos sus documentos&nbsp;<strong>en todo el territorio de Alemania<\/strong>. Adem\u00e1s de los documentos oficiales mencionados anteriormente, estoy especializada&nbsp;<strong>en traducciones juradas en el campo de la educaci\u00f3n<\/strong>&nbsp;y traduzco de forma precisa y concienzuda su&nbsp;<strong>t\u00edtulo de educaci\u00f3n superior<\/strong>, su grado o diploma universitario, su&nbsp;<strong>certificado acad\u00e9mico<\/strong>, su&nbsp;<strong>t\u00edtulo de formaci\u00f3n profesional<\/strong>, su&nbsp;<strong>certificado de trabajo<\/strong>, su&nbsp;<strong>certificado de pr\u00e1cticas<\/strong>, su&nbsp;<strong>certificado de formaci\u00f3n continua<\/strong>&nbsp;y cualquier tipo de certificado o acreditaci\u00f3n para la&nbsp;<strong>homologaci\u00f3n<\/strong>&nbsp;del espa\u00f1ol al alem\u00e1n y viceversa. En mi red de traductores ofrecemos traducciones oficiales o tambi\u00e9n denominadas traducciones juradas en&nbsp;<strong>las combinaciones ling\u00fc\u00edsticas espa\u00f1ol \u2013 alem\u00e1n, alem\u00e1n \u2013 espa\u00f1ol&nbsp;<\/strong>y<strong>&nbsp;catal\u00e1n \u2013 espa\u00f1ol<\/strong>. Para&nbsp;<strong>las combinaciones de idiomas ingl\u00e9s \u2013 alem\u00e1n, alem\u00e1n \u2013 ingl\u00e9s y espa\u00f1ol \u2013 ingl\u00e9s<\/strong>&nbsp;estar\u00e9 encantada en recomendarle a un colega experto. \u00a1No dude en contactarme por correo electr\u00f3nico!<\/p>\n\n\n\n<div class=\"wp-block-buttons is-horizontal is-content-justification-center is-layout-flex wp-container-core-buttons-is-layout-499968f5 wp-block-buttons-is-layout-flex\">\n<div class=\"wp-block-button has-custom-width wp-block-button__width-75 is-style-outline is-style-outline--3\"><a class=\"wp-block-button__link has-text-color wp-element-button\" href=\"https:\/\/sarah-schneider-sprachdienste.de\/es\/contacto\/\" style=\"border-radius:8px;color:#566747\">Contacto<\/a><\/div>\n<\/div>\n\n\n\n<p><\/p>\n\n\n\n<p><\/p>\n<\/div>\n<\/div>\n\n\n<div class=\"wp-block-image\">\n<figure class=\"aligncenter size-large\"><img decoding=\"async\" width=\"1024\" height=\"239\" data-src=\"https:\/\/sarah-schneider-sprachdienste.de\/wp-content\/uploads\/iconos-optimizado-1024x239.jpg\" alt=\"traducciones juradas de documentos oficiales \" class=\"wp-image-106 lazyload\" data-srcset=\"https:\/\/sarah-schneider-sprachdienste.de\/wp-content\/uploads\/iconos-optimizado-1024x239.jpg 1024w, https:\/\/sarah-schneider-sprachdienste.de\/wp-content\/uploads\/iconos-optimizado-300x70.jpg 300w, https:\/\/sarah-schneider-sprachdienste.de\/wp-content\/uploads\/iconos-optimizado-768x179.jpg 768w, https:\/\/sarah-schneider-sprachdienste.de\/wp-content\/uploads\/iconos-optimizado-600x140.jpg 600w, https:\/\/sarah-schneider-sprachdienste.de\/wp-content\/uploads\/iconos-optimizado.jpg 1071w\" data-sizes=\"(max-width: 1024px) 100vw, 1024px\" src=\"data:image\/svg+xml;base64,PHN2ZyB3aWR0aD0iMSIgaGVpZ2h0PSIxIiB4bWxucz0iaHR0cDovL3d3dy53My5vcmcvMjAwMC9zdmciPjwvc3ZnPg==\" style=\"--smush-placeholder-width: 1024px; --smush-placeholder-aspect-ratio: 1024\/239;\" \/><\/figure>\n<\/div>\n\n\n<div class=\"wp-block-columns is-layout-flex wp-container-core-columns-is-layout-9d6595d7 wp-block-columns-is-layout-flex\">\n<div class=\"wp-block-column is-layout-flow wp-block-column-is-layout-flow\" style=\"flex-basis:60%\">\n<h2 class=\"wp-block-heading\">Traducci\u00f3n jurada con firma electr\u00f3nica avanzada<\/h2>\n\n\n\n<p>El certificado eIDAS es un est\u00e1ndar europeo de seguridad y autenticidad que se utiliza en la Uni\u00f3n Europea para garantizar la validez y la integridad de los documentos electr\u00f3nicos con una firma electr\u00f3nica avanzada. En el contexto de las traducciones juradas, el certificado eIDAS se utiliza para asegurar la autenticidad, la validez legal y la integridad de la traducci\u00f3n y para garantizar que el traductor jurado est\u00e1 autorizado y habilitado para realizarla. Poder contar con una traducci\u00f3n en un formato electr\u00f3nico v\u00e1lido tiene numerosas ventajas para el cliente, por lo que ofrezco esta forma de jurar mis traducciones.<\/p>\n<\/div>\n\n\n\n<div class=\"wp-block-column is-layout-flow wp-block-column-is-layout-flow\" style=\"flex-basis:40%\">\n<figure class=\"wp-block-image size-full\"><img decoding=\"async\" width=\"521\" height=\"315\" data-src=\"https:\/\/sarah-schneider-sprachdienste.de\/wp-content\/uploads\/eidas-certificado-es.png\" alt=\"Firma electr\u00f3nica para traducciones juradas \" class=\"wp-image-9884 lazyload\" data-srcset=\"https:\/\/sarah-schneider-sprachdienste.de\/wp-content\/uploads\/eidas-certificado-es.png 521w, https:\/\/sarah-schneider-sprachdienste.de\/wp-content\/uploads\/eidas-certificado-es-300x181.png 300w\" data-sizes=\"(max-width: 521px) 100vw, 521px\" src=\"data:image\/svg+xml;base64,PHN2ZyB3aWR0aD0iMSIgaGVpZ2h0PSIxIiB4bWxucz0iaHR0cDovL3d3dy53My5vcmcvMjAwMC9zdmciPjwvc3ZnPg==\" style=\"--smush-placeholder-width: 521px; --smush-placeholder-aspect-ratio: 521\/315;\" \/><\/figure>\n<\/div>\n<\/div>\n\n\n\n<div class=\"wp-block-columns verde-full is-layout-flex wp-container-core-columns-is-layout-9d6595d7 wp-block-columns-is-layout-flex\">\n<div class=\"wp-block-column is-layout-flow wp-block-column-is-layout-flow\" style=\"flex-basis:40%\"><div class=\"wp-block-image\">\n<figure class=\"alignright size-large\"><img decoding=\"async\" width=\"460\" height=\"661\" data-src=\"https:\/\/sarah-schneider-sprachdienste.de\/wp-content\/uploads\/manos.png\" alt=\"Un traductor jurado en el ordenador \" class=\"wp-image-116 lazyload\" data-srcset=\"https:\/\/sarah-schneider-sprachdienste.de\/wp-content\/uploads\/manos.png 460w, https:\/\/sarah-schneider-sprachdienste.de\/wp-content\/uploads\/manos-209x300.png 209w\" data-sizes=\"(max-width: 460px) 100vw, 460px\" src=\"data:image\/svg+xml;base64,PHN2ZyB3aWR0aD0iMSIgaGVpZ2h0PSIxIiB4bWxucz0iaHR0cDovL3d3dy53My5vcmcvMjAwMC9zdmciPjwvc3ZnPg==\" style=\"--smush-placeholder-width: 460px; --smush-placeholder-aspect-ratio: 460\/661;\" \/><\/figure>\n<\/div><\/div>\n\n\n\n<div class=\"wp-block-column is-layout-flow wp-block-column-is-layout-flow\" style=\"flex-basis:60%\">\n<h2 class=\"wp-block-heading\">Traducciones juradas en l\u00ednea \u2013 c\u00f3moda y r\u00e1pidamente<\/h2>\n\n\n\n<p>Si necesita una traducci\u00f3n oficial de sus documentos del espa\u00f1ol al alem\u00e1n o de su documentaci\u00f3n en alem\u00e1n al espa\u00f1ol, yo soy la persona indicada. Sus documentos est\u00e1n en buenas manos conmigo y siempre son tratados de manera completamente confidencial. Trabajo con absoluta precisi\u00f3n y me preocupo de que sus documentos se traduzcan de manera profesional, correcta y precisa. Trabajo con sumo cuidado, formateo el documento meticulosamente y, gracias a mi s\u00f3lida formaci\u00f3n, poseo una sensibilidad particularmente buena para el lenguaje. De esta manera, siempre encontrar\u00e9 la formulaci\u00f3n perfecta trabajando para usted.<\/p>\n\n\n\n<p>Conmigo obtendr\u00e1 las siguientes ventajas:<\/p>\n\n\n\n<ul class=\"wp-block-list\">\n<li><strong><strong>Rapidez, gesti\u00f3n online y comodidad<\/strong>: Env\u00edeme sus&nbsp;documentos escaneados&nbsp;por correo electr\u00f3nico y le proporcionar\u00e9&nbsp;un presupuesto sin compromiso alguno&nbsp;para la traducci\u00f3n jurada de sus documentos espa\u00f1ol \u2013 alem\u00e1n o alem\u00e1n \u2013 espa\u00f1ol.<\/strong><\/li>\n\n\n\n<li><strong><strong>Exactitud y precisi\u00f3n<\/strong>: Como&nbsp;<strong>traductora titulada por la C\u00e1mara de Comercio, traductora jurada para el espa\u00f1ol<\/strong>&nbsp;y con mi&nbsp;<strong>s\u00f3lida formaci\u00f3n universitaria en ling\u00fc\u00edstica (Licenciada en Filolog\u00eda Alemana e Hisp\u00e1nica),&nbsp;<\/strong>garantizo la correcci\u00f3n ling\u00fc\u00edstica y gramatical y la certifico con mi sello y firma.<\/strong><\/li>\n\n\n\n<li><strong><strong>Antes de enviarle la traducci\u00f3n oficial, Usted tiene la posibilidad de comprobar el resultado:<\/strong>&nbsp;En el caso de que decida encargarme la traducci\u00f3n oficial de sus documentos,&nbsp;<strong>recibir\u00e1 el borrador<\/strong>&nbsp;de su traducci\u00f3n jurada del espa\u00f1ol o del alem\u00e1n por correo electr\u00f3nico en formato PDF para que pueda comprobar todos sus datos. Le enviar\u00e9 el original por correo certificado a su direcci\u00f3n.<\/strong><\/li>\n<\/ul>\n\n\n\n<div class=\"wp-block-buttons is-horizontal is-content-justification-center is-layout-flex wp-container-core-buttons-is-layout-499968f5 wp-block-buttons-is-layout-flex\">\n<div class=\"wp-block-button has-custom-width wp-block-button__width-75 is-style-outline is-style-outline--4\"><a class=\"wp-block-button__link has-text-color wp-element-button\" href=\"https:\/\/sarah-schneider-sprachdienste.de\/es\/contacto\/\" style=\"border-radius:8px;color:#566747\">Contacto<\/a><\/div>\n<\/div>\n<\/div>\n<\/div>\n\n\n\n<hr class=\"wp-block-separator has-text-color has-white-color has-css-opacity has-white-background-color has-background is-style-dots\"\/>\n\n\n\n<div class=\"wp-block-columns is-layout-flex wp-container-core-columns-is-layout-9d6595d7 wp-block-columns-is-layout-flex\">\n<div class=\"wp-block-column is-layout-flow wp-block-column-is-layout-flow\" style=\"flex-basis:100%\">\n<div class=\"wp-block-columns is-layout-flex wp-container-core-columns-is-layout-9d6595d7 wp-block-columns-is-layout-flex\">\n<div class=\"wp-block-column is-layout-flow wp-block-column-is-layout-flow\" style=\"flex-basis:40%\"><div class=\"wp-block-image\">\n<figure class=\"alignright size-large\"><img decoding=\"async\" width=\"367\" height=\"551\" data-src=\"https:\/\/sarah-schneider-sprachdienste.de\/wp-content\/uploads\/chica-escribiendo.jpg\" alt=\"Una traductora jurada escribiendo\" class=\"wp-image-118 lazyload\" data-srcset=\"https:\/\/sarah-schneider-sprachdienste.de\/wp-content\/uploads\/chica-escribiendo.jpg 367w, https:\/\/sarah-schneider-sprachdienste.de\/wp-content\/uploads\/chica-escribiendo-200x300.jpg 200w\" data-sizes=\"(max-width: 367px) 100vw, 367px\" src=\"data:image\/svg+xml;base64,PHN2ZyB3aWR0aD0iMSIgaGVpZ2h0PSIxIiB4bWxucz0iaHR0cDovL3d3dy53My5vcmcvMjAwMC9zdmciPjwvc3ZnPg==\" style=\"--smush-placeholder-width: 367px; --smush-placeholder-aspect-ratio: 367\/551;\" \/><\/figure>\n<\/div>\n\n\n<p><\/p>\n<\/div>\n\n\n\n<div class=\"wp-block-column is-layout-flow wp-block-column-is-layout-flow\" style=\"flex-basis:60%\">\n<h2 class=\"wp-block-heading\">Traducciones precisas para los clientes de su bufete o notar\u00eda<\/h2>\n\n\n\n<p>Colaboro con un gran n\u00famero de&nbsp;<strong>notar\u00edas y bufetes de abogados<\/strong>&nbsp;en toda Alemania, por ejemplo, en el \u00e1mbito&nbsp;<strong>de la b\u00fasqueda de herederos y albacea<\/strong>. Tambi\u00e9n traduzco su&nbsp;<strong>correspondencia con las autoridades, Juzgados y Tribunales<\/strong>&nbsp;extranjeros, documentos judiciales de todo tipo,&nbsp;<strong>sentencias, actas y escrituras notariales<\/strong>,&nbsp;<strong>documentos fiscales<\/strong>&nbsp;y mucho m\u00e1s, en la combinaci\u00f3n de idiomas espa\u00f1ol &lt; &gt; alem\u00e1n.&nbsp; Me encantar\u00eda poder apoyar a su notar\u00eda o bufete de abogados con traducciones juradas para Usted y para sus clientes, del espa\u00f1ol al alem\u00e1n y viceversa. Tengo m\u00e1s de diez a\u00f1os de experiencia en&nbsp;<strong>traducciones jur\u00eddicas<\/strong>&nbsp;de las lenguas espa\u00f1ola y alemana y continuo constantemente ampliando mis conocimientos a trav\u00e9s de formaci\u00f3n continua. Soy miembro de la Asociaci\u00f3n profesional de Traductores e Int\u00e9rpretes en Alemania (BD\u00dc) y estoy inscrita en la lista de traductores con especializaci\u00f3n en derecho, publicada por dicha asociaci\u00f3n en el a\u00f1o 2020.&nbsp;<strong>Soy traductora habilitada por un Tribunal alem\u00e1n y puedo, por tanto, certificar la exactitud e integridad de su traducci\u00f3n<\/strong>.<\/p>\n\n\n\n<p>Con mucho gusto le preparar\u00e9&nbsp;<strong>una oferta de forma r\u00e1pida y sin complicaciones<\/strong>. Env\u00edeme un correo electr\u00f3nico.<\/p>\n\n\n\n<div class=\"wp-block-buttons is-horizontal is-content-justification-center is-layout-flex wp-container-core-buttons-is-layout-499968f5 wp-block-buttons-is-layout-flex\">\n<div class=\"wp-block-button has-custom-width wp-block-button__width-75 is-style-outline is-style-outline--5\"><a class=\"wp-block-button__link has-text-color wp-element-button\" href=\"https:\/\/sarah-schneider-sprachdienste.de\/es\/contacto\/\" style=\"border-radius:8px;color:#566747\">Contacto<\/a><\/div>\n<\/div>\n\n\n\n<p><\/p>\n<\/div>\n<\/div>\n<\/div>\n<\/div>\n\n\n\n<div class=\"wp-block-columns verde-full is-layout-flex wp-container-core-columns-is-layout-9d6595d7 wp-block-columns-is-layout-flex\">\n<div class=\"wp-block-column is-layout-flow wp-block-column-is-layout-flow\" style=\"flex-basis:40%\"><div class=\"wp-block-image\">\n<figure class=\"alignright size-large\"><img decoding=\"async\" width=\"512\" height=\"512\" data-src=\"https:\/\/sarah-schneider-sprachdienste.de\/wp-content\/uploads\/translating.png\" alt=\"s\u00edmbolo idiomas\" class=\"wp-image-120 lazyload\" data-srcset=\"https:\/\/sarah-schneider-sprachdienste.de\/wp-content\/uploads\/translating.png 512w, https:\/\/sarah-schneider-sprachdienste.de\/wp-content\/uploads\/translating-300x300.png 300w, https:\/\/sarah-schneider-sprachdienste.de\/wp-content\/uploads\/translating-150x150.png 150w\" data-sizes=\"(max-width: 512px) 100vw, 512px\" src=\"data:image\/svg+xml;base64,PHN2ZyB3aWR0aD0iMSIgaGVpZ2h0PSIxIiB4bWxucz0iaHR0cDovL3d3dy53My5vcmcvMjAwMC9zdmciPjwvc3ZnPg==\" style=\"--smush-placeholder-width: 512px; --smush-placeholder-aspect-ratio: 512\/512;\" \/><\/figure>\n<\/div><\/div>\n\n\n\n<div class=\"wp-block-column is-layout-flow wp-block-column-is-layout-flow\" style=\"flex-basis:60%\">\n<h2 class=\"wp-block-heading\">Traducciones juradas espa\u00f1ol-alem\u00e1n y alem\u00e1n-espa\u00f1ol para su negocio<\/h2>\n\n\n\n<p>Estar\u00e9 encantada de hacerme cargo de&nbsp;<strong>las traducciones de sus documentos corporativos<\/strong>&nbsp;<strong>y comerciales<\/strong>&nbsp;del espa\u00f1ol al alem\u00e1n y viceversa. Le puedo preparar una oferta sin compromiso para la traducci\u00f3n de su&nbsp;<strong>contrato de trabajo, acuerdo de privacidad, condiciones generales, Estado financiero, certificados de cualquier tipo, ofertas, documentos de licitaci\u00f3n<\/strong>&nbsp;y mucho m\u00e1s. Me he especializado en los campos espec\u00edficos&nbsp;<strong>de la traducci\u00f3n jur\u00eddica y t\u00e9cnica<\/strong>. Tambi\u00e9n estar\u00e9 encantada de elaborar las traducciones que necesita, incluidas las traducciones juradas, de su<strong>&nbsp;registro mercantil<\/strong>&nbsp;o de sus&nbsp;<strong>Contratos y estatutos sociales<\/strong>&nbsp;y escrituras<em>&nbsp;notariales<\/em>.<\/p>\n\n\n\n<p>Puesto que, entre otras cosas,&nbsp;<strong>estoy especializada y formada en el campo del derecho,<\/strong>&nbsp;puedo certificar la exactitud de mis traducciones, invocando mi autorizaci\u00f3n por el Tribunal Superior de Colonia (traducci\u00f3n certificada espa\u00f1ola-alemana).<\/p>\n<\/div>\n<\/div>\n\n\n\n<hr class=\"wp-block-separator has-text-color has-white-color has-css-opacity has-white-background-color has-background\"\/>\n\n\n\n<div class=\"wp-block-columns is-layout-flex wp-container-core-columns-is-layout-9d6595d7 wp-block-columns-is-layout-flex\">\n<div class=\"wp-block-column is-vertically-aligned-top is-layout-flow wp-block-column-is-layout-flow\" style=\"flex-basis:40%\"><div class=\"wp-block-image\">\n<figure class=\"alignright size-large\"><img decoding=\"async\" width=\"512\" height=\"512\" data-src=\"https:\/\/sarah-schneider-sprachdienste.de\/wp-content\/uploads\/icono-traduccion.png\" alt=\"S\u00edmbolo espa\u00f1ol\" class=\"wp-image-122 lazyload\" data-srcset=\"https:\/\/sarah-schneider-sprachdienste.de\/wp-content\/uploads\/icono-traduccion.png 512w, https:\/\/sarah-schneider-sprachdienste.de\/wp-content\/uploads\/icono-traduccion-300x300.png 300w, https:\/\/sarah-schneider-sprachdienste.de\/wp-content\/uploads\/icono-traduccion-150x150.png 150w\" data-sizes=\"(max-width: 512px) 100vw, 512px\" src=\"data:image\/svg+xml;base64,PHN2ZyB3aWR0aD0iMSIgaGVpZ2h0PSIxIiB4bWxucz0iaHR0cDovL3d3dy53My5vcmcvMjAwMC9zdmciPjwvc3ZnPg==\" style=\"--smush-placeholder-width: 512px; --smush-placeholder-aspect-ratio: 512\/512;\" \/><\/figure>\n<\/div><\/div>\n\n\n\n<div class=\"wp-block-column is-layout-flow wp-block-column-is-layout-flow\" style=\"flex-basis:60%\">\n<h2 class=\"wp-block-heading\">Traducciones del espa\u00f1ol para empresas y particulares<\/h2>\n\n\n\n<p>Aunque&nbsp;<strong>no necesite un traductor jurado que le elabore una traducci\u00f3n oficial,<\/strong>&nbsp;siempre es mejor opci\u00f3n confiar&nbsp;<strong>en el servicio profesional de un traductor capacitado,<\/strong>&nbsp;o incluso<strong>&nbsp;de un traductor oficial.<\/strong>&nbsp;El lenguaje t\u00e9cnico-jur\u00eddico y el lenguaje administrativo no suelen ser comprensibles incluso para muchos hablantes nativos.&nbsp; Por lo tanto, cuando se trata de una traducci\u00f3n precisa y correcta de documentos jur\u00eddicos, soy su persona de contacto, aunque la traducci\u00f3n no tenga que estar certificada.<\/p>\n\n\n\n<p>Y tampoco tiene que&nbsp;<strong>esperar mucho tiempo para traducir<\/strong>&nbsp;sus documentos de espa\u00f1ol a alem\u00e1n e viceversa, como puede ser un contrato, documentos p\u00fablicos o privados, documentos corporativos o certificados y testimonios.&nbsp; Siempre que sea posible, estar\u00e9 encantado ajustarme a sus plazos. Incluso si tiene necesidades especiales, simplemente contacte conmigo&nbsp; y conf\u00ede&nbsp; en mis traducciones profesionales y certificadas. No dude en ponerse en contacto conmigo por correo electr\u00f3nico para una oferta gratuita y sin compromiso.<\/p>\n\n\n\n<div class=\"wp-block-buttons is-horizontal is-content-justification-center is-layout-flex wp-container-core-buttons-is-layout-499968f5 wp-block-buttons-is-layout-flex\">\n<div class=\"wp-block-button has-custom-width wp-block-button__width-75 is-style-outline is-style-outline--6\"><a class=\"wp-block-button__link has-text-color wp-element-button\" href=\"https:\/\/sarah-schneider-sprachdienste.de\/es\/contacto\/\" style=\"border-radius:8px;color:#566747\">Contacto<\/a><\/div>\n<\/div>\n<\/div>\n<\/div>\n\n\n\n<div class=\"wp-block-columns is-layout-flex wp-container-core-columns-is-layout-9d6595d7 wp-block-columns-is-layout-flex\">\n<div class=\"wp-block-column is-layout-flow wp-block-column-is-layout-flow\"><div class=\"wp-block-image\">\n<figure class=\"alignright size-large\"><img decoding=\"async\" width=\"385\" height=\"591\" data-src=\"https:\/\/sarah-schneider-sprachdienste.de\/wp-content\/uploads\/mano-facebook-pequeno.png\" alt=\"rese\u00f1as para Sarah Schneider Sprachdienste - Servicios Ling\u00fc\u00edsticos\" class=\"wp-image-124 lazyload\" data-srcset=\"https:\/\/sarah-schneider-sprachdienste.de\/wp-content\/uploads\/mano-facebook-pequeno.png 385w, https:\/\/sarah-schneider-sprachdienste.de\/wp-content\/uploads\/mano-facebook-pequeno-195x300.png 195w\" data-sizes=\"(max-width: 385px) 100vw, 385px\" src=\"data:image\/svg+xml;base64,PHN2ZyB3aWR0aD0iMSIgaGVpZ2h0PSIxIiB4bWxucz0iaHR0cDovL3d3dy53My5vcmcvMjAwMC9zdmciPjwvc3ZnPg==\" style=\"--smush-placeholder-width: 385px; --smush-placeholder-aspect-ratio: 385\/591;\" \/><\/figure>\n<\/div><\/div>\n\n\n\n<div class=\"wp-block-column is-vertically-aligned-center is-layout-flow wp-block-column-is-layout-flow\"><div class=\"wp-block-image\">\n<figure class=\"aligncenter size-large\"><a href=\"https:\/\/www.facebook.com\/sarahschneidersprachdienste\/reviews\"><img decoding=\"async\" width=\"159\" height=\"160\" data-src=\"https:\/\/sarah-schneider-sprachdienste.de\/wp-content\/uploads\/f_logo_RGB-Blue_72.png\" alt=\"en Facebook \" class=\"wp-image-126 lazyload\" data-srcset=\"https:\/\/sarah-schneider-sprachdienste.de\/wp-content\/uploads\/f_logo_RGB-Blue_72.png 159w, https:\/\/sarah-schneider-sprachdienste.de\/wp-content\/uploads\/f_logo_RGB-Blue_72-150x150.png 150w\" data-sizes=\"(max-width: 159px) 100vw, 159px\" src=\"data:image\/svg+xml;base64,PHN2ZyB3aWR0aD0iMSIgaGVpZ2h0PSIxIiB4bWxucz0iaHR0cDovL3d3dy53My5vcmcvMjAwMC9zdmciPjwvc3ZnPg==\" style=\"--smush-placeholder-width: 159px; --smush-placeholder-aspect-ratio: 159\/160;\" \/><\/a><\/figure>\n<\/div>\n\n\n<p class=\"has-text-align-center\">Leer testimonios de otros clientes<\/p>\n\n\n\n<p class=\"has-text-align-center\">Al dar clic ser\u00e1 redirigido a Facebook y aplicar\u00e1 la pol\u00edtica de uso y de protecci\u00f3n de datos de la red social. &nbsp; &nbsp; &nbsp;&nbsp;<\/p>\n<\/div>\n<\/div>\n\n\n\n<p><\/p>\n","protected":false},"excerpt":{"rendered":"<p>Su oficina de traducci\u00f3n alem\u00e1n \u2013 espa\u00f1ol \/ espa\u00f1ol \u2013 alem\u00e1n \u00bfEst\u00e1 buscando un traductor jurado&nbsp;fiable y competente para sus traducciones del espa\u00f1ol al alem\u00e1n&nbsp;o viceversa? Entonces soy su persona de contacto. Como&nbsp;traductora habilitada por el Tribunal Superior&nbsp;de Colonia, le apoyar\u00e9 en&nbsp;la traducci\u00f3n oficial&nbsp;de sus documentos para&nbsp;las autoridades alemanas o los consulados y embajadas espa\u00f1oles [&hellip;]<\/p>\n","protected":false},"author":1,"featured_media":0,"parent":0,"menu_order":0,"comment_status":"closed","ping_status":"closed","template":"","meta":{"footnotes":""},"class_list":["post-9","page","type-page","status-publish","hentry"],"yoast_head":"<!-- This site is optimized with the Yoast SEO plugin v27.4 - https:\/\/yoast.com\/product\/yoast-seo-wordpress\/ -->\n<title>Sarah Schneider Sprachdienste - Servicios Ling\u00fc\u00edsticos<\/title>\n<meta name=\"description\" content=\"Sarah Schneider Sprachdienste - traducciones juradas \/ oficiales \/ traducciones de documentos para el espa\u00f1ol en toda Alemania\" \/>\n<meta name=\"robots\" content=\"index, follow, max-snippet:-1, max-image-preview:large, max-video-preview:-1\" \/>\n<link rel=\"canonical\" href=\"https:\/\/sarah-schneider-sprachdienste.de\/es\/\" \/>\n<meta property=\"og:locale\" content=\"es_ES\" \/>\n<meta property=\"og:type\" content=\"article\" \/>\n<meta property=\"og:title\" content=\"Sarah Schneider Sprachdienste - Servicios Ling\u00fc\u00edsticos\" \/>\n<meta property=\"og:description\" content=\"Sarah Schneider Sprachdienste - traducciones juradas \/ oficiales \/ traducciones de documentos para el espa\u00f1ol en toda Alemania\" \/>\n<meta property=\"og:url\" content=\"https:\/\/sarah-schneider-sprachdienste.de\/es\/\" \/>\n<meta property=\"og:site_name\" content=\"Sarah Schneider Sprachdienste - Servicios Ling\u00fc\u00edsticos\" \/>\n<meta property=\"article:modified_time\" content=\"2025-06-13T11:24:14+00:00\" \/>\n<meta property=\"og:image\" content=\"https:\/\/sarah-schneider-sprachdienste.de\/wp-content\/uploads\/sarah-portada-mas-chica-optimizado.jpg\" \/>\n\t<meta property=\"og:image:width\" content=\"396\" \/>\n\t<meta property=\"og:image:height\" content=\"472\" \/>\n\t<meta property=\"og:image:type\" content=\"image\/jpeg\" \/>\n<meta name=\"twitter:card\" content=\"summary_large_image\" \/>\n<meta name=\"twitter:label1\" content=\"Tiempo de lectura\" \/>\n\t<meta name=\"twitter:data1\" content=\"10 minutos\" \/>\n<script type=\"application\/ld+json\" class=\"yoast-schema-graph\">{\"@context\":\"https:\\\/\\\/schema.org\",\"@graph\":[{\"@type\":\"WebPage\",\"@id\":\"https:\\\/\\\/sarah-schneider-sprachdienste.de\\\/es\\\/\",\"url\":\"https:\\\/\\\/sarah-schneider-sprachdienste.de\\\/es\\\/\",\"name\":\"Sarah Schneider Sprachdienste - Servicios Ling\u00fc\u00edsticos\",\"isPartOf\":{\"@id\":\"https:\\\/\\\/sarah-schneider-sprachdienste.de\\\/es\\\/#website\"},\"primaryImageOfPage\":{\"@id\":\"https:\\\/\\\/sarah-schneider-sprachdienste.de\\\/es\\\/#primaryimage\"},\"image\":{\"@id\":\"https:\\\/\\\/sarah-schneider-sprachdienste.de\\\/es\\\/#primaryimage\"},\"thumbnailUrl\":\"https:\\\/\\\/sarah-schneider-sprachdienste.de\\\/wp-content\\\/uploads\\\/sarah-portada-mas-chica-optimizado.jpg\",\"datePublished\":\"2021-06-16T11:01:14+00:00\",\"dateModified\":\"2025-06-13T11:24:14+00:00\",\"description\":\"Sarah Schneider Sprachdienste - traducciones juradas \\\/ oficiales \\\/ traducciones de documentos para el espa\u00f1ol en toda Alemania\",\"breadcrumb\":{\"@id\":\"https:\\\/\\\/sarah-schneider-sprachdienste.de\\\/es\\\/#breadcrumb\"},\"inLanguage\":\"es\",\"potentialAction\":[{\"@type\":\"ReadAction\",\"target\":[\"https:\\\/\\\/sarah-schneider-sprachdienste.de\\\/es\\\/\"]}]},{\"@type\":\"ImageObject\",\"inLanguage\":\"es\",\"@id\":\"https:\\\/\\\/sarah-schneider-sprachdienste.de\\\/es\\\/#primaryimage\",\"url\":\"https:\\\/\\\/sarah-schneider-sprachdienste.de\\\/wp-content\\\/uploads\\\/sarah-portada-mas-chica-optimizado.jpg\",\"contentUrl\":\"https:\\\/\\\/sarah-schneider-sprachdienste.de\\\/wp-content\\\/uploads\\\/sarah-portada-mas-chica-optimizado.jpg\"},{\"@type\":\"BreadcrumbList\",\"@id\":\"https:\\\/\\\/sarah-schneider-sprachdienste.de\\\/es\\\/#breadcrumb\",\"itemListElement\":[{\"@type\":\"ListItem\",\"position\":1,\"name\":\"Portada\",\"item\":\"https:\\\/\\\/sarah-schneider-sprachdienste.de\\\/es\\\/\"},{\"@type\":\"ListItem\",\"position\":2,\"name\":\"Traducciones juradas ES&lt;>DE\"}]},{\"@type\":\"WebSite\",\"@id\":\"https:\\\/\\\/sarah-schneider-sprachdienste.de\\\/es\\\/#website\",\"url\":\"https:\\\/\\\/sarah-schneider-sprachdienste.de\\\/es\\\/\",\"name\":\"Sarah Schneider Sprachdienste - Servicios Ling\u00fc\u00edsticos\",\"description\":\"\",\"publisher\":{\"@id\":\"https:\\\/\\\/sarah-schneider-sprachdienste.de\\\/es\\\/#organization\"},\"potentialAction\":[{\"@type\":\"SearchAction\",\"target\":{\"@type\":\"EntryPoint\",\"urlTemplate\":\"https:\\\/\\\/sarah-schneider-sprachdienste.de\\\/es\\\/?s={search_term_string}\"},\"query-input\":{\"@type\":\"PropertyValueSpecification\",\"valueRequired\":true,\"valueName\":\"search_term_string\"}}],\"inLanguage\":\"es\"},{\"@type\":\"Organization\",\"@id\":\"https:\\\/\\\/sarah-schneider-sprachdienste.de\\\/es\\\/#organization\",\"name\":\"Sarah Schneider Sprachdienste\",\"alternateName\":\"sprachdienste\",\"url\":\"https:\\\/\\\/sarah-schneider-sprachdienste.de\\\/es\\\/\",\"logo\":{\"@type\":\"ImageObject\",\"inLanguage\":\"es\",\"@id\":\"https:\\\/\\\/sarah-schneider-sprachdienste.de\\\/es\\\/#\\\/schema\\\/logo\\\/image\\\/\",\"url\":\"https:\\\/\\\/sarah-schneider-sprachdienste.de\\\/wp-content\\\/uploads\\\/logo-alem_C3_A1-optimizado.png\",\"contentUrl\":\"https:\\\/\\\/sarah-schneider-sprachdienste.de\\\/wp-content\\\/uploads\\\/logo-alem_C3_A1-optimizado.png\",\"width\":636,\"height\":244,\"caption\":\"Sarah Schneider Sprachdienste\"},\"image\":{\"@id\":\"https:\\\/\\\/sarah-schneider-sprachdienste.de\\\/es\\\/#\\\/schema\\\/logo\\\/image\\\/\"}}]}<\/script>\n<!-- \/ Yoast SEO plugin. -->","yoast_head_json":{"title":"Sarah Schneider Sprachdienste - Servicios Ling\u00fc\u00edsticos","description":"Sarah Schneider Sprachdienste - traducciones juradas \/ oficiales \/ traducciones de documentos para el espa\u00f1ol en toda Alemania","robots":{"index":"index","follow":"follow","max-snippet":"max-snippet:-1","max-image-preview":"max-image-preview:large","max-video-preview":"max-video-preview:-1"},"canonical":"https:\/\/sarah-schneider-sprachdienste.de\/es\/","og_locale":"es_ES","og_type":"article","og_title":"Sarah Schneider Sprachdienste - Servicios Ling\u00fc\u00edsticos","og_description":"Sarah Schneider Sprachdienste - traducciones juradas \/ oficiales \/ traducciones de documentos para el espa\u00f1ol en toda Alemania","og_url":"https:\/\/sarah-schneider-sprachdienste.de\/es\/","og_site_name":"Sarah Schneider Sprachdienste - Servicios Ling\u00fc\u00edsticos","article_modified_time":"2025-06-13T11:24:14+00:00","og_image":[{"width":396,"height":472,"url":"https:\/\/sarah-schneider-sprachdienste.de\/wp-content\/uploads\/sarah-portada-mas-chica-optimizado.jpg","type":"image\/jpeg"}],"twitter_card":"summary_large_image","twitter_misc":{"Tiempo de lectura":"10 minutos"},"schema":{"@context":"https:\/\/schema.org","@graph":[{"@type":"WebPage","@id":"https:\/\/sarah-schneider-sprachdienste.de\/es\/","url":"https:\/\/sarah-schneider-sprachdienste.de\/es\/","name":"Sarah Schneider Sprachdienste - Servicios Ling\u00fc\u00edsticos","isPartOf":{"@id":"https:\/\/sarah-schneider-sprachdienste.de\/es\/#website"},"primaryImageOfPage":{"@id":"https:\/\/sarah-schneider-sprachdienste.de\/es\/#primaryimage"},"image":{"@id":"https:\/\/sarah-schneider-sprachdienste.de\/es\/#primaryimage"},"thumbnailUrl":"https:\/\/sarah-schneider-sprachdienste.de\/wp-content\/uploads\/sarah-portada-mas-chica-optimizado.jpg","datePublished":"2021-06-16T11:01:14+00:00","dateModified":"2025-06-13T11:24:14+00:00","description":"Sarah Schneider Sprachdienste - traducciones juradas \/ oficiales \/ traducciones de documentos para el espa\u00f1ol en toda Alemania","breadcrumb":{"@id":"https:\/\/sarah-schneider-sprachdienste.de\/es\/#breadcrumb"},"inLanguage":"es","potentialAction":[{"@type":"ReadAction","target":["https:\/\/sarah-schneider-sprachdienste.de\/es\/"]}]},{"@type":"ImageObject","inLanguage":"es","@id":"https:\/\/sarah-schneider-sprachdienste.de\/es\/#primaryimage","url":"https:\/\/sarah-schneider-sprachdienste.de\/wp-content\/uploads\/sarah-portada-mas-chica-optimizado.jpg","contentUrl":"https:\/\/sarah-schneider-sprachdienste.de\/wp-content\/uploads\/sarah-portada-mas-chica-optimizado.jpg"},{"@type":"BreadcrumbList","@id":"https:\/\/sarah-schneider-sprachdienste.de\/es\/#breadcrumb","itemListElement":[{"@type":"ListItem","position":1,"name":"Portada","item":"https:\/\/sarah-schneider-sprachdienste.de\/es\/"},{"@type":"ListItem","position":2,"name":"Traducciones juradas ES&lt;>DE"}]},{"@type":"WebSite","@id":"https:\/\/sarah-schneider-sprachdienste.de\/es\/#website","url":"https:\/\/sarah-schneider-sprachdienste.de\/es\/","name":"Sarah Schneider Sprachdienste - Servicios Ling\u00fc\u00edsticos","description":"","publisher":{"@id":"https:\/\/sarah-schneider-sprachdienste.de\/es\/#organization"},"potentialAction":[{"@type":"SearchAction","target":{"@type":"EntryPoint","urlTemplate":"https:\/\/sarah-schneider-sprachdienste.de\/es\/?s={search_term_string}"},"query-input":{"@type":"PropertyValueSpecification","valueRequired":true,"valueName":"search_term_string"}}],"inLanguage":"es"},{"@type":"Organization","@id":"https:\/\/sarah-schneider-sprachdienste.de\/es\/#organization","name":"Sarah Schneider Sprachdienste","alternateName":"sprachdienste","url":"https:\/\/sarah-schneider-sprachdienste.de\/es\/","logo":{"@type":"ImageObject","inLanguage":"es","@id":"https:\/\/sarah-schneider-sprachdienste.de\/es\/#\/schema\/logo\/image\/","url":"https:\/\/sarah-schneider-sprachdienste.de\/wp-content\/uploads\/logo-alem_C3_A1-optimizado.png","contentUrl":"https:\/\/sarah-schneider-sprachdienste.de\/wp-content\/uploads\/logo-alem_C3_A1-optimizado.png","width":636,"height":244,"caption":"Sarah Schneider Sprachdienste"},"image":{"@id":"https:\/\/sarah-schneider-sprachdienste.de\/es\/#\/schema\/logo\/image\/"}}]}},"_links":{"self":[{"href":"https:\/\/sarah-schneider-sprachdienste.de\/es\/wp-json\/wp\/v2\/pages\/9","targetHints":{"allow":["GET"]}}],"collection":[{"href":"https:\/\/sarah-schneider-sprachdienste.de\/es\/wp-json\/wp\/v2\/pages"}],"about":[{"href":"https:\/\/sarah-schneider-sprachdienste.de\/es\/wp-json\/wp\/v2\/types\/page"}],"author":[{"embeddable":true,"href":"https:\/\/sarah-schneider-sprachdienste.de\/es\/wp-json\/wp\/v2\/users\/1"}],"replies":[{"embeddable":true,"href":"https:\/\/sarah-schneider-sprachdienste.de\/es\/wp-json\/wp\/v2\/comments?post=9"}],"version-history":[{"count":18,"href":"https:\/\/sarah-schneider-sprachdienste.de\/es\/wp-json\/wp\/v2\/pages\/9\/revisions"}],"predecessor-version":[{"id":27386,"href":"https:\/\/sarah-schneider-sprachdienste.de\/es\/wp-json\/wp\/v2\/pages\/9\/revisions\/27386"}],"wp:attachment":[{"href":"https:\/\/sarah-schneider-sprachdienste.de\/es\/wp-json\/wp\/v2\/media?parent=9"}],"curies":[{"name":"wp","href":"https:\/\/api.w.org\/{rel}","templated":true}]}}